{"id":7025,"date":"2025-07-16T14:37:36","date_gmt":"2025-07-16T14:37:36","guid":{"rendered":"https:\/\/www.openarms.es\/?page_id=7025"},"modified":"2025-07-31T15:16:50","modified_gmt":"2025-07-31T15:16:50","slug":"questions-frequentes","status":"publish","type":"page","link":"https:\/\/www.openarms.es\/fr\/actualite\/questions-frequentes","title":{"rendered":"Questions fr\u00e9quentes"},"content":{"rendered":"\n<div class=\"wp-block-cover alignfull ebavs-header-hero-interior\" style=\"min-height:40rem;aspect-ratio:unset;\"><img loading=\"lazy\" decoding=\"async\" width=\"2362\" height=\"1575\" class=\"wp-block-cover__image-background wp-image-494\" alt=\"\" src=\"https:\/\/www.openarms.es\/wp-content\/uploads\/2025\/03\/openarms-nino-dibujo.webp\" data-object-fit=\"cover\" srcset=\"https:\/\/www.openarms.es\/wp-content\/uploads\/2025\/03\/openarms-nino-dibujo.webp 2362w, https:\/\/www.openarms.es\/wp-content\/uploads\/2025\/03\/openarms-nino-dibujo-300x200.webp 300w, https:\/\/www.openarms.es\/wp-content\/uploads\/2025\/03\/openarms-nino-dibujo-1024x683.webp 1024w, https:\/\/www.openarms.es\/wp-content\/uploads\/2025\/03\/openarms-nino-dibujo-768x512.webp 768w, https:\/\/www.openarms.es\/wp-content\/uploads\/2025\/03\/openarms-nino-dibujo-1536x1024.webp 1536w, https:\/\/www.openarms.es\/wp-content\/uploads\/2025\/03\/openarms-nino-dibujo-2048x1366.webp 2048w\" sizes=\"auto, (max-width: 2362px) 100vw, 2362px\" \/><span aria-hidden=\"true\" class=\"wp-block-cover__background has-black-background-color has-background-dim\"><\/span><div class=\"wp-block-cover__inner-container is-layout-flow wp-block-cover-is-layout-flow\">\n<div class=\"wp-block-group alignwide has-global-padding is-layout-constrained wp-container-core-group-is-layout-a8a8a09e wp-block-group-is-layout-constrained\" style=\"margin-top:auto;margin-bottom:auto;padding-right:0;padding-left:0\">\n<div class=\"wp-block-group has-global-padding is-content-justification-left is-layout-constrained wp-container-core-group-is-layout-773f9061 wp-block-group-is-layout-constrained\" style=\"padding-right:0;padding-left:0\">\n<p class=\"has-text-align-left has-base-color has-text-color has-large-font-size\" style=\"font-family:var(--wp--preset--font-family--dinnextltpro)\">ACTUALIDAD<\/p>\n\n\n\n<h1 class=\"wp-block-heading has-text-align-left has-base-color has-text-color has-xx-large-font-size\" style=\"margin-top:0;margin-bottom:0\">Questions fr\u00e9quentes<\/h1>\n\n\n\n<p style=\"margin-top:0;margin-bottom:0\">Si tu veux mieux comprendre qui nous sommes et pourquoi nous faisons ce que nous faisons.<\/p>\n\n\n\n<div class=\"wp-block-buttons is-content-justification-left is-layout-flex wp-container-core-buttons-is-layout-fc4fd283 wp-block-buttons-is-layout-flex\">\n<div class=\"wp-block-button\"><a class=\"wp-block-button__link has-contrast-color has-base-background-color has-text-color has-background has-dinnextltpro-font-family has-custom-font-size wp-element-button\" href=\"https:\/\/help.openarms.es\/miembro-openarms\/?lang=es\" style=\"padding-top:16px;padding-right:24px;padding-bottom:14px;padding-left:24px;font-size:clamp(0.875rem, 0.875rem + ((1vw - 0.2rem) * 0.302), 1.13rem);font-style:normal;font-weight:700;line-height:1;text-transform:uppercase\" target=\"_blank\" rel=\"noreferrer noopener\">Deviens membre<\/a><\/div>\n<\/div>\n<\/div>\n<\/div>\n<\/div><\/div>\n\n<div class=\"wp-block-cover alignfull is-light has-parallax\" style=\"margin-top:0;margin-bottom:0;padding-top:0;padding-right:0;padding-bottom:0;padding-left:0\"><div class=\"wp-block-cover__image-background wp-image-999 has-parallax\" style=\"background-position:50% 50%;background-image:url(https:\/\/www.openarms.es\/wp-content\/themes\/openarms\/assets\/images\/openarms-texture.webp)\"><\/div><span aria-hidden=\"true\" class=\"wp-block-cover__background has-base-background-color has-background-dim-80 has-background-dim\"><\/span><div class=\"wp-block-cover__inner-container is-layout-flow wp-block-cover-is-layout-flow\">\n<div class=\"wp-block-group has-global-padding is-layout-constrained wp-block-group-is-layout-constrained\" style=\"margin-top:1rem\"><div class=\"yoast-breadcrumbs\"><span><span><a href=\"https:\/\/www.openarms.es\/fr\/actualite\">Actualit\u00e9<\/a><\/span> &gt; <span class=\"breadcrumb_last\" aria-current=\"page\">Questions fr\u00e9quentes<\/span><\/span><\/div>\n\n\n<hr class=\"wp-block-separator has-text-color has-gray-color has-alpha-channel-opacity has-gray-background-color has-background is-style-default\" style=\"margin-top:1rem;margin-bottom:4rem\"\/>\n<\/div>\n\n\n\n<div class=\"wp-block-group has-global-padding is-layout-constrained wp-block-group-is-layout-constrained\">\n<div class=\"wp-block-group has-global-padding is-layout-constrained wp-block-group-is-layout-constrained\">\n<div class=\"wp-block-columns alignwide ebavs-space-between is-layout-flex wp-container-core-columns-is-layout-643ced6b wp-block-columns-is-layout-flex\">\n<div class=\"wp-block-column is-layout-flow wp-block-column-is-layout-flow\" style=\"flex-basis:100%\">\n<h2 class=\"wp-block-heading has-contrast-color has-text-color has-x-large-font-size\" style=\"margin-top:0\">Questions fr\u00e9quentes<\/h2>\n\n\n\n<p>Tu as des questions sur notre travail, nos missions ou sur la fa\u00e7on dont tu peux aider ? Ici, nous r\u00e9pondons aux questions les plus fr\u00e9quentes.<br\/><\/p>\n<\/div>\n<\/div>\n<\/div>\n\n\n\n<details class=\"wp-block-details has-contrast-color has-text-color has-link-color wp-elements-dbfc04ac207aee4c31a9645200329ccf is-layout-flow wp-block-details-is-layout-flow\" style=\"font-style:normal;font-weight:700\"><summary><span style=\"font-weight: 400;\">\u00a0<\/span><b>Qu\u2019est-ce qu\u2019Open Arms ?<\/b><\/summary>\n<p class=\"has-dark-gray-color has-text-color has-link-color has-small-font-size wp-elements-13286b53ba7ce53df551656aaf975160\" style=\"font-style:normal;font-weight:400\">Nous sommes une organisation humanitaire qui prot\u00e8ge la vie des personnes vuln\u00e9rables en mer et sur terre. Nous op\u00e9rons principalement en M\u00e9diterran\u00e9e centrale et dans des contextes d\u2019urgence humanitaire.<\/p>\n<\/details>\n\n\n\n<details class=\"wp-block-details has-contrast-color has-text-color has-link-color wp-elements-b48b419f579d2157730cc5fd23ad5eb6 is-layout-flow wp-block-details-is-layout-flow\" style=\"font-style:normal;font-weight:700\"><summary><span style=\"font-weight: 400;\">\u00a0<\/span><b>Quelle est notre mission ?<\/b><\/summary>\n<p class=\"has-dark-gray-color has-text-color has-link-color has-small-font-size wp-elements-2579b0ab878bde3c25e5c72a24ad9de0\" style=\"font-style:normal;font-weight:400\">D\u00e9fendre les droits humains et sauver des vies en mer, en veillant \u00e0 ce que personne ne meure aux portes de l\u2019Europe faute de secours.<\/p>\n<\/details>\n\n\n\n<details class=\"wp-block-details has-contrast-color has-text-color has-link-color wp-elements-d2b1ecfa575a5c4d4a27be8399930109 is-layout-flow wp-block-details-is-layout-flow\" style=\"font-style:normal;font-weight:700\"><summary><span style=\"font-weight: 400;\">\u00a0<\/span><b>O\u00f9 travaillons-nous ?<\/b><\/summary>\n<p class=\"has-dark-gray-color has-text-color has-link-color has-small-font-size wp-elements-4da267d87d13e7426fd0c656c7809df3\" style=\"font-style:normal;font-weight:400\"> Nos op\u00e9rations se concentrent sur la M\u00e9diterran\u00e9e centrale, mais nous menons aussi des projets terrestres dans des pays comme l\u2019Espagne, le S\u00e9n\u00e9gal et l\u2019Italie.<\/p>\n<\/details>\n\n\n\n<details class=\"wp-block-details has-contrast-color has-text-color has-link-color wp-elements-33aaf1a8813f823a8fdfc1987354588c is-layout-flow wp-block-details-is-layout-flow\" style=\"font-style:normal;font-weight:700\"><summary><span style=\"font-weight: 400;\">\u00a0<\/span><b>Sommes-nous une organisation politique ou religieuse ?<\/b><\/summary>\n<p class=\"has-dark-gray-color has-text-color has-link-color has-small-font-size wp-elements-da4fcffa4de21969380d23cf597a8f21\" style=\"font-style:normal;font-weight:400\"> Non. Nous sommes une organisation ind\u00e9pendante, \u00e0 but non lucratif, sans affiliation politique ni religieuse. Notre seule motivation est la d\u00e9fense de la vie et des droits humains.<\/p>\n<\/details>\n<\/div>\n\n\n\n<div class=\"wp-block-group has-global-padding is-layout-constrained wp-block-group-is-layout-constrained\">\n<div class=\"wp-block-group has-global-padding is-layout-constrained wp-block-group-is-layout-constrained\">\n<div class=\"wp-block-columns alignwide ebavs-space-between is-layout-flex wp-container-core-columns-is-layout-643ced6b wp-block-columns-is-layout-flex\">\n<div class=\"wp-block-column is-layout-flow wp-block-column-is-layout-flow\" style=\"flex-basis:100%\">\n<h2 class=\"wp-block-heading has-contrast-color has-text-color has-x-large-font-size\" style=\"margin-top:0\"> OP\u00c9RATIONS ET SAUVETAGES<\/h2>\n<\/div>\n<\/div>\n<\/div>\n\n\n\n<details class=\"wp-block-details has-contrast-color has-text-color has-link-color wp-elements-5685f91ca1de03b0b0069d45ca8c3879 is-layout-flow wp-block-details-is-layout-flow\" style=\"font-style:normal;font-weight:700\"><summary><span style=\"font-weight: 400;\">\u00a0<\/span><b>Pourquoi sauvons-nous des personnes en mer ?<\/b><\/summary>\n<p class=\"has-dark-gray-color has-text-color has-link-color has-small-font-size wp-elements-6e9adfbdd1c485a94faf992e03914d46\" style=\"font-style:normal;font-weight:400\">Parce que c\u2019est un devoir l\u00e9gal et moral. La vie doit toujours \u00eatre prioritaire. Le sauvetage en mer n\u2019est pas seulement l\u00e9gal, c\u2019est une obligation.<\/p>\n<\/details>\n\n\n\n<details class=\"wp-block-details has-contrast-color has-text-color has-link-color wp-elements-aa8eb5f3fa1a0c14725fc8428267e7b7 is-layout-flow wp-block-details-is-layout-flow\" style=\"font-style:normal;font-weight:700\"><summary><span style=\"font-weight: 400;\">\u00a0<\/span><b>Que se passe-t-il apr\u00e8s le sauvetage ?<\/b><\/summary>\n<p class=\"has-dark-gray-color has-text-color has-link-color has-small-font-size wp-elements-539b783fff6423c93552124fa73edae5\" style=\"font-style:normal;font-weight:400\"> Une fois \u00e0 bord, les personnes re\u00e7oivent une assistance m\u00e9dicale et humanitaire. Ensuite, nous demandons aux autorit\u00e9s comp\u00e9tentes un port s\u00fbr o\u00f9 elles puissent d\u00e9barquer.<\/p>\n<\/details>\n\n\n\n<details class=\"wp-block-details has-contrast-color has-text-color has-link-color wp-elements-2c12c3f6db03e5b97ed4f4fc18d49a69 is-layout-flow wp-block-details-is-layout-flow\" style=\"font-style:normal;font-weight:700\"><summary><span style=\"font-weight: 400;\">\u00a0<\/span><b>Travaillons-nous avec d\u2019autres bateaux ou institutions ?<\/b><\/summary>\n<p class=\"has-dark-gray-color has-text-color has-link-color has-small-font-size wp-elements-3f3c19ea81791d6a560b98f4e206ff3a\" style=\"font-style:normal;font-weight:400\">Oui. Nous collaborons avec d\u2019autres organisations civiles ainsi qu\u2019avec les autorit\u00e9s maritimes lorsque cela est possible, toujours dans le respect du droit international et des conventions en vigueur.<\/p>\n<\/details>\n\n\n\n<details class=\"wp-block-details has-contrast-color has-text-color has-link-color wp-elements-c68a7cc36553ec0eb2a9e9b9a7da5880 is-layout-flow wp-block-details-is-layout-flow\" style=\"font-style:normal;font-weight:700\"><summary><span style=\"font-weight: 400;\">\u00a0<\/span><b>Sommes-nous un facteur d\u2019appel ?<\/b><\/summary>\n<p class=\"has-dark-gray-color has-text-color has-link-color has-small-font-size wp-elements-86923dd4523a1b9d6fe42782087fd1c5\" style=\"font-style:normal;font-weight:400\"> Non. Les personnes fuient la guerre, les pers\u00e9cutions, la pauvret\u00e9 ou la violence. Nous ne provoquons pas les migrations : nous essayons d\u2019\u00e9viter que quiconque meure en mer abandonn\u00e9, en conformit\u00e9 avec les conventions internationales de sauvetage et le droit maritime.<\/p>\n<\/details>\n\n\n\n<details class=\"wp-block-details has-contrast-color has-text-color has-link-color wp-elements-3cc04dd99afc51489bded9feb06d25be is-layout-flow wp-block-details-is-layout-flow\" style=\"font-style:normal;font-weight:700\"><summary>Amenons-nous les personnes secourues en Europe?<\/summary>\n<p class=\"has-dark-gray-color has-text-color has-link-color has-small-font-size wp-elements-a930aea02aede67ed9fff4e7eb39b514\" style=\"font-style:normal;font-weight:400\"> Selon la loi, tout navire qui porte secours \u00e0 des personnes en d\u00e9tresse en mer doit se voir attribuer le port s\u00fbr le plus proche afin que le d\u00e9barquement ait lieu d\u00e8s que raisonnablement possible. (Paragraphe 1.3.9 de la Convention internationale de 1979 sur la recherche et le sauvetage en mer).<\/p>\n<\/details>\n<\/div>\n\n\n\n<div class=\"wp-block-group has-global-padding is-layout-constrained wp-block-group-is-layout-constrained\">\n<div class=\"wp-block-group has-global-padding is-layout-constrained wp-block-group-is-layout-constrained\">\n<div class=\"wp-block-columns alignwide ebavs-space-between is-layout-flex wp-container-core-columns-is-layout-643ced6b wp-block-columns-is-layout-flex\">\n<div class=\"wp-block-column is-layout-flow wp-block-column-is-layout-flow\" style=\"flex-basis:100%\">\n<h2 class=\"wp-block-heading has-contrast-color has-text-color has-x-large-font-size\" style=\"margin-top:0\">DONS<\/h2>\n<\/div>\n<\/div>\n<\/div>\n\n\n\n<details class=\"wp-block-details has-contrast-color has-text-color has-link-color wp-elements-8d6faaf94b466e84e6483aa971735140 is-layout-flow wp-block-details-is-layout-flow\" style=\"font-style:normal;font-weight:700\"><summary><span style=\"font-weight: 400;\">\u00a0<\/span><b>Comment puis-je faire un don ?<\/b><\/summary>\n<p class=\"has-dark-gray-color has-text-color has-link-color has-small-font-size wp-elements-29dcb8b584394ef7be34cf1028b4b437\" style=\"font-style:normal;font-weight:400\"><span style=\"font-weight: 400;\">\u00a0Vous pouvez facilement faire un don via notre site web :<\/span><a href=\"https:\/\/openarms.es\/dona\"> <span style=\"font-weight: 400;\">openarms.es\/dona<\/span><\/a><span style=\"font-weight: 400;\">. Vous pouvez choisir un don ponctuel ou mensuel, ou nous contacter \u00e0 atenciondonante@openarms.es<\/span><\/p>\n<\/details>\n\n\n\n<details class=\"wp-block-details has-contrast-color has-text-color has-link-color wp-elements-bc3336f48059e6179ecfb33f62a19142 is-layout-flow wp-block-details-is-layout-flow\" style=\"font-style:normal;font-weight:700\"><summary><b>Mon don est-il d\u00e9ductible des imp\u00f4ts ?<\/b><\/summary>\n<p class=\"has-dark-gray-color has-text-color has-link-color has-small-font-size wp-elements-a5e1650850589e83cb1daa2e9b8afce0\" style=\"font-style:normal;font-weight:400\"> Oui. Tous les dons sont d\u00e9ductibles. Nous vous enverrons un certificat si vous en faites la demande.<\/p>\n<\/details>\n\n\n\n<details class=\"wp-block-details has-contrast-color has-text-color has-link-color wp-elements-eff39a155e4a04f67979806044093e41 is-layout-flow wp-block-details-is-layout-flow\" style=\"font-style:normal;font-weight:700\"><summary><span style=\"font-weight: 400;\">\u00a0<\/span><b>O\u00f9 va mon argent ?<\/b><\/summary>\n<p class=\"has-black-color has-text-color has-link-color has-small-font-size wp-elements-3a21bf8e29a5536d0de6bfda826f316f\" style=\"font-style:normal;font-weight:400\"> 90 % de nos ressources sont directement consacr\u00e9es \u00e0 nos missions et projets humanitaires. Vous pouvez consulter nos rapports financiers ici \u2192 <a href=\"https:\/\/www.openarms.es\/fr\/portal-de-la-transparence\"> portal de la transparence <\/a>.<\/p>\n<\/details>\n\n\n\n<details class=\"wp-block-details has-contrast-color has-text-color has-link-color wp-elements-0756fa6d992029ddefe2f1f51876643b is-layout-flow wp-block-details-is-layout-flow\" style=\"font-style:normal;font-weight:700\"><summary><b>Puis-je modifier ou annuler ma contribution mensuelle ?<\/b><b>\r\n<\/b><\/summary>\n<p class=\"has-dark-gray-color has-text-color has-link-color has-small-font-size wp-elements-e23600d20beaec330d3b7b0a0612a236\" style=\"font-style:normal;font-weight:400\"><span style=\"font-weight: 400;\">\u00a0Oui, \u00e0 tout moment. Il suffit de nous \u00e9crire \u00e0 atenciondonante@openarms.es ou d\u2019appeler le +34 93 128 28 30, et nous le g\u00e9rerons avec vous.<\/span><\/p>\n<\/details>\n<\/div>\n\n\n\n<div class=\"wp-block-group has-global-padding is-layout-constrained wp-block-group-is-layout-constrained\">\n<div class=\"wp-block-group has-global-padding is-layout-constrained wp-block-group-is-layout-constrained\">\n<div class=\"wp-block-columns alignwide ebavs-space-between is-layout-flex wp-container-core-columns-is-layout-643ced6b wp-block-columns-is-layout-flex\">\n<div class=\"wp-block-column is-layout-flow wp-block-column-is-layout-flow\" style=\"flex-basis:100%\">\n<h2 class=\"wp-block-heading has-contrast-color has-text-color has-x-large-font-size\" style=\"margin-top:0;margin-right:0\">B\u00c9N\u00c9VOLAT ET COLLABORATION<\/h2>\n<\/div>\n<\/div>\n<\/div>\n\n\n\n<details class=\"wp-block-details has-contrast-color has-text-color has-link-color wp-elements-e069cfbf2c0a110ce7ded90cba77fedc is-layout-flow wp-block-details-is-layout-flow\" style=\"font-style:normal;font-weight:700\"><summary><span style=\"font-weight: 400;\">\u00a0<\/span><b>Comment puis-je devenir b\u00e9n\u00e9vole ?<\/b><\/summary>\n<p class=\"has-dark-gray-color has-text-color has-link-color has-small-font-size wp-elements-be84e8033a3c173ec69aba7eb86271e6\" style=\"font-style:normal;font-weight:400\"> Vous pouvez vous inscrire via le formulaire sur notre site. Nous recherchons \u00e0 la fois des b\u00e9n\u00e9voles \u00e0 terre et des profils professionnels pour des missions en mer.<\/p>\n<\/details>\n\n\n\n<details class=\"wp-block-details has-contrast-color has-text-color has-link-color wp-elements-88a43db179f6e4ad73f39ef40097af3d is-layout-flow wp-block-details-is-layout-flow\" style=\"font-style:normal;font-weight:700\"><summary><span style=\"font-weight: 400;\">\u00a0<\/span><b>Quels profils recherchons-nous pour les missions maritimes ?<\/b><\/summary>\n<p class=\"has-dark-gray-color has-text-color has-link-color has-small-font-size wp-elements-624e62f3e9a703bfbe342576127aa42a\" style=\"font-style:normal;font-weight:400\"> M\u00e9decins, infirmiers\/\u00e8res, sauveteurs en mer, marins, cuisiniers\/\u00e8res habitu\u00e9s \u00e0 la navigation, etc.<\/p>\n<\/details>\n\n\n\n<details class=\"wp-block-details has-contrast-color has-text-color has-link-color wp-elements-e78617dbfb18ad314d7413d4b47523c6 is-layout-flow wp-block-details-is-layout-flow\" style=\"font-style:normal;font-weight:700\"><summary><span style=\"font-weight: 400;\">\u00a0<\/span><b>Puis-je aider sans embarquer ?<\/b><\/summary>\n<p class=\"has-dark-gray-color has-text-color has-link-color has-small-font-size wp-elements-ad5883a69db9725f72f5d70743ac0fa1\" style=\"font-style:normal;font-weight:400\">Oui. Vous pouvez nous aider lors d\u2019\u00e9v\u00e9nements, en logistique, en soutien num\u00e9rique, en entrep\u00f4t, en entretien de nos bateaux, et bien plus encore.<br\/><\/p>\n<\/details>\n\n\n\n<details class=\"wp-block-details has-contrast-color has-text-color has-link-color wp-elements-3feb209c025c4945328f504f4495d1e0 is-layout-flow wp-block-details-is-layout-flow\" style=\"font-style:normal;font-weight:700\"><summary><span style=\"font-weight: 400;\">\u00a0<\/span><b>Publions-nous des offres d\u2019emploi ?<\/b><\/summary>\n<p class=\"has-dark-gray-color has-text-color has-link-color has-small-font-size wp-elements-a6d2409d88cec5ddebc0d2ec6a425896\" style=\"font-style:normal;font-weight:400\"> Oui. Les postes vacants sont publi\u00e9s sur nos r\u00e9seaux sociaux et canaux officiels. Suivez-nous pour rester inform\u00e9.<\/p>\n<\/details>\n<\/div>\n\n\n\n<div class=\"wp-block-group has-global-padding is-layout-constrained wp-block-group-is-layout-constrained\">\n<div class=\"wp-block-group has-global-padding is-layout-constrained wp-block-group-is-layout-constrained\">\n<div class=\"wp-block-columns alignwide ebavs-space-between is-layout-flex wp-container-core-columns-is-layout-643ced6b wp-block-columns-is-layout-flex\">\n<div class=\"wp-block-column is-layout-flow wp-block-column-is-layout-flow\" style=\"flex-basis:100%\">\n<h2 class=\"wp-block-heading has-contrast-color has-text-color has-x-large-font-size\" style=\"margin-top:0\">TRANSPARENCE ET L\u00c9GALIT\u00c9<\/h2>\n<\/div>\n<\/div>\n<\/div>\n\n\n\n<details class=\"wp-block-details has-contrast-color has-text-color has-link-color wp-elements-df1d8bc63a159dff1982494277acb6c6 is-layout-flow wp-block-details-is-layout-flow\" style=\"font-style:normal;font-weight:700\"><summary><span style=\"font-weight: 400;\">\u00a0<\/span><b>Ce que nous faisons est-il l\u00e9gal ?<\/b><\/summary>\n<p class=\"has-dark-gray-color has-text-color has-link-color has-small-font-size wp-elements-a32a8370683f9e968804a645df9b4d00\" style=\"font-style:normal;font-weight:400\">Oui. Le sauvetage en mer est une obligation pr\u00e9vue par le droit international, y compris les Conventions SOLAS et SAR.<\/p>\n<\/details>\n\n\n\n<details class=\"wp-block-details has-contrast-color has-text-color has-link-color wp-elements-ff1a83110b7f9aab970a5ef0f7576bcd is-layout-flow wp-block-details-is-layout-flow\" style=\"font-style:normal;font-weight:700\"><summary><span style=\"font-weight: 400;\">\u00a0<\/span><b>Publions-nous nos informations financi\u00e8res ?<\/b><\/summary>\n<p class=\"has-dark-gray-color has-text-color has-link-color has-small-font-size wp-elements-1a3ae76e196897202bb0266983349d84\" style=\"font-style:normal;font-weight:400\"> Oui. Nous publions chaque ann\u00e9e nos rapports financiers et d\u2019activit\u00e9s. Vous pouvez les consulter sur notre portail de transparence.<\/p>\n<\/details>\n\n\n\n<details class=\"wp-block-details has-contrast-color has-text-color has-link-color wp-elements-76f7c0bf71dbc69ef5c97acfd8eeb7db is-layout-flow wp-block-details-is-layout-flow\" style=\"font-style:normal;font-weight:700\"><summary><span style=\"font-weight: 400;\">\u00a0<\/span><b>D\u2019o\u00f9 proviennent nos ressources financi\u00e8res ?<\/b><\/summary>\n<p class=\"has-dark-gray-color has-text-color has-link-color has-small-font-size wp-elements-3f928c02c1e08e28668effde49864634\" style=\"font-style:normal;font-weight:400\"> La majeure partie de notre financement provient de personnes comme vous. L\u2019ind\u00e9pendance \u00e9conomique garantit notre libert\u00e9 d\u2019action.<\/p>\n<\/details>\n<\/div>\n\n\n\n<div class=\"wp-block-group has-global-padding is-layout-constrained wp-block-group-is-layout-constrained\">\n<div class=\"wp-block-group has-global-padding is-layout-constrained wp-block-group-is-layout-constrained\">\n<div class=\"wp-block-columns alignwide ebavs-space-between is-layout-flex wp-container-core-columns-is-layout-643ced6b wp-block-columns-is-layout-flex\">\n<div class=\"wp-block-column is-layout-flow wp-block-column-is-layout-flow\" style=\"flex-basis:100%\">\n<h2 class=\"wp-block-heading has-contrast-color has-text-color has-x-large-font-size\" style=\"margin-top:0\">\u00c9DUCATION ET SENSIBILISATION<\/h2>\n<\/div>\n<\/div>\n<\/div>\n\n\n\n<details class=\"wp-block-details has-contrast-color has-text-color has-link-color wp-elements-5565559a3684800991db7576fe7edb82 is-layout-flow wp-block-details-is-layout-flow\" style=\"font-style:normal;font-weight:700\"><summary><b>Disposons-nous de mat\u00e9riels p\u00e9dagogiques ?<\/b><\/summary>\n<p class=\"has-dark-gray-color has-text-color has-link-color has-small-font-size wp-elements-92f963bc50cd40dc748f9da3338a94f5\" style=\"font-style:normal;font-weight:400\"> Oui. Nous cr\u00e9ons des ressources pour les \u00e9coles, des conf\u00e9rences, des expositions et des campagnes qui expliquent la r\u00e9alit\u00e9 migratoire avec rigueur et sensibilit\u00e9.<\/p>\n<\/details>\n\n\n\n<details class=\"wp-block-details has-contrast-color has-text-color has-link-color wp-elements-9bd7ed98fcdd4ff6f52fdca7e379a02f is-layout-flow wp-block-details-is-layout-flow\" style=\"font-style:normal;font-weight:700\"><summary><b>Pouvons-nous intervenir dans votre \u00e9tablissement ?<\/b><\/summary>\n<p class=\"has-dark-gray-color has-text-color has-link-color has-small-font-size wp-elements-39c6c83f7ea4a42926c6220625008cce\" style=\"font-style:normal;font-weight:400\"><span style=\"font-weight: 400;\">\u00a0Oui. Nous avons un projet \u00e9ducatif, EPL, avec des conf\u00e9rences adapt\u00e9es de la petite enfance jusqu\u2019\u00e0 l\u2019\u00e2ge adulte. \u00c9crivez-nous \u00e0 education@openarms.es et nous \u00e9valuerons la proposition selon la disponibilit\u00e9 et la localisation.<\/span><\/p>\n<\/details>\n<\/div>\n\n\n\n<div class=\"wp-block-group has-global-padding is-layout-constrained wp-block-group-is-layout-constrained\">\n<div class=\"wp-block-group has-global-padding is-layout-constrained wp-block-group-is-layout-constrained\">\n<div class=\"wp-block-columns alignwide ebavs-space-between is-layout-flex wp-container-core-columns-is-layout-643ced6b wp-block-columns-is-layout-flex\">\n<div class=\"wp-block-column is-layout-flow wp-block-column-is-layout-flow\" style=\"flex-basis:100%\">\n<h2 class=\"wp-block-heading has-contrast-color has-text-color has-x-large-font-size\" style=\"margin-top:0\"> PROJET ORIGINE<\/h2>\n<\/div>\n<\/div>\n<\/div>\n\n\n\n<details class=\"wp-block-details has-contrast-color has-text-color has-link-color wp-elements-e30e20e9bdf67621e850d25244f52526 is-layout-flow wp-block-details-is-layout-flow\" style=\"font-style:normal;font-weight:700\"><summary><span style=\"font-weight: 400;\">\u00a0<\/span><b>Qu\u2019est-ce que le Projet Origine ?<\/b><\/summary>\n<p class=\"has-dark-gray-color has-text-color has-link-color has-small-font-size wp-elements-7cd744ebb1647aeee3a9d55af0e3ed6e\" style=\"font-style:normal;font-weight:400\"> C\u2019est une initiative d\u2019Open Arms en Afrique de l\u2019Ouest, au S\u00e9n\u00e9gal, en collaboration avec des entit\u00e9s locales, qui s\u2019attaque aux causes profondes de la migration en offrant de r\u00e9elles opportunit\u00e9s de d\u00e9veloppement personnel et \u00e9conomique dans le pays, afin d\u2019\u00e9viter plus de souffrance et de morts en mer.<\/p>\n<\/details>\n\n\n\n<details class=\"wp-block-details has-contrast-color has-text-color has-link-color wp-elements-3db37b84275406aae948d7ac606a38f4 is-layout-flow wp-block-details-is-layout-flow\" style=\"font-style:normal;font-weight:700\"><summary><b>Que faisons-nous exactement dans le Projet Origine ?<\/b><b>\r\n<\/b><\/summary>\n<p class=\"has-dark-gray-color has-text-color has-link-color has-small-font-size wp-elements-1f775605de0c7387cab344e624dad998\" style=\"font-style:normal;font-weight:400\"> Nous proposons une formation professionnelle, un accompagnement, et des campagnes de sensibilisation communautaire. Tout cela en partenariat avec des organisations locales, dans une perspective de justice sociale et de durabilit\u00e9<\/p>\n<\/details>\n\n\n\n<details class=\"wp-block-details has-contrast-color has-text-color has-link-color wp-elements-856ae26cf6585a9fa534cdfa602744d9 is-layout-flow wp-block-details-is-layout-flow\" style=\"font-style:normal;font-weight:700\"><summary><strong>Le Projet Origen cherche-t-il \u00e0 emp\u00eacher la migration ?<\/strong><\/summary>\n<p class=\"has-dark-gray-color has-text-color has-link-color has-small-font-size wp-elements-8aad5c13f30747c44d0115cabc8e0f77\" style=\"font-style:normal;font-weight:400\"><span style=\"font-weight: 400;\">\u00a0Faux. Notre objectif n\u2019est pas d\u2019emp\u00eacher la migration, mais de garantir qu\u2019elle soit un choix libre et \u00e9clair\u00e9, et non une obligation d\u00e9sesp\u00e9r\u00e9e. <\/span><\/p>\n\n\n\n<p class=\"has-dark-gray-color has-text-color has-link-color has-small-font-size wp-elements-6f21b652101ab86ae42c1534638b0037\" style=\"font-style:normal;font-weight:400\"><span style=\"font-weight: 400;\">Nous ne voulons pas que quelqu\u2019un doive emprunter des routes dangereuses pour survivre, mais qu\u2019il puisse migrer s\u2019il le souhaite et avec toutes les informations n\u00e9cessaires.<\/span><\/p>\n<\/details>\n<\/div>\n\n\n\n<div class=\"wp-block-group has-global-padding is-layout-constrained wp-block-group-is-layout-constrained\">\n<div class=\"wp-block-group has-global-padding is-layout-constrained wp-block-group-is-layout-constrained\">\n<div class=\"wp-block-columns alignwide ebavs-space-between is-layout-flex wp-container-core-columns-is-layout-643ced6b wp-block-columns-is-layout-flex\">\n<div class=\"wp-block-column is-layout-flow wp-block-column-is-layout-flow\" style=\"flex-basis:100%\">\n<h2 class=\"wp-block-heading has-contrast-color has-text-color has-x-large-font-size\" style=\"margin-top:0\"> CONTACT ET INFORMATIONS SUPPL\u00c9MENTAIRES<\/h2>\n<\/div>\n<\/div>\n<\/div>\n\n\n\n<details class=\"wp-block-details has-contrast-color has-text-color has-link-color wp-elements-5c1837b61e36e5d8be5a0524fd44edd8 is-layout-flow wp-block-details-is-layout-flow\" style=\"font-style:normal;font-weight:700\"><summary><b>Comment nous contacter ?<\/b><\/summary>\n<p class=\"has-dark-gray-color has-text-color has-link-color has-small-font-size wp-elements-3a67d69a91e58b34896bb1e87804ab0d\" style=\"font-style:normal;font-weight:400\"><span style=\"font-weight: 400;\">\u00a0Vous pouvez nous \u00e9crire \u00e0 info@openarms.es ou via le formulaire sur notre site. Vous pouvez aussi nous suivre sur les r\u00e9seaux sociaux.<\/span><\/p>\n<\/details>\n\n\n\n<details class=\"wp-block-details has-contrast-color has-text-color has-link-color wp-elements-e2cccae124b3efbbc5a5c824b8945a1a is-layout-flow wp-block-details-is-layout-flow\" style=\"font-style:normal;font-weight:700\"><summary><b>O\u00f9 se trouve notre si\u00e8ge ?<\/b><\/summary>\n<p class=\"has-dark-gray-color has-text-color has-link-color has-small-font-size wp-elements-d762ebc0efe2e55200d581cd7597aba8\" style=\"font-style:normal;font-weight:400\"> Notre si\u00e8ge principal est \u00e0 Badalone (Barcelone), mais nous avons \u00e9galement un bureau \u00e0 Rome (Italie) et une base \u00e0 Dakar (S\u00e9n\u00e9gal).<\/p>\n<\/details>\n\n\n\n<details class=\"wp-block-details has-contrast-color has-text-color has-link-color wp-elements-1b5212605d32b23c7a8cfc2eb632bde3 is-layout-flow wp-block-details-is-layout-flow\" style=\"font-style:normal;font-weight:700\"><summary><span style=\"font-weight: 400;\">\u00a0<\/span><b>Sommes-nous pr\u00e9sents sur les r\u00e9seaux sociaux ?<\/b><\/summary>\n<p class=\"has-dark-gray-color has-text-color has-link-color has-small-font-size wp-elements-979c54d71c1421cfd0e9f6d68c13a444\" style=\"font-style:normal;font-weight:400\">Oui, nous sommes sur Instagram, Twitter, Facebook, TikTok, LinkedIn et YouTube. Recherchez-nous sous @openarms_fund.<\/p>\n<\/details>\n<\/div>\n\n\n\n<div class=\"wp-block-group has-global-padding is-layout-constrained wp-block-group-is-layout-constrained\">\n<div class=\"wp-block-group has-global-padding is-layout-constrained wp-block-group-is-layout-constrained\">\n<div class=\"wp-block-columns alignwide ebavs-space-between is-layout-flex wp-container-core-columns-is-layout-643ced6b wp-block-columns-is-layout-flex\">\n<div class=\"wp-block-column is-layout-flow wp-block-column-is-layout-flow\" style=\"flex-basis:100%\">\n<h2 class=\"wp-block-heading has-contrast-color has-text-color has-x-large-font-size\" style=\"margin-top:0\"><b>D\u00c9CONSTRUCTION DES ID\u00c9ES RE\u00c7UES | MYTHES ET R\u00c9ALIT\u00c9S<\/b><b>&#13;\n<\/b><\/h2>\n<\/div>\n<\/div>\n<\/div>\n\n\n\n<details class=\"wp-block-details has-contrast-color has-text-color has-link-color wp-elements-c38bb4f6b450cbe4c2331c584172500a is-layout-flow wp-block-details-is-layout-flow\" style=\"font-style:normal;font-weight:700\"><summary><b>Est-il vrai que les ONG attirent les migrants ? (effet d\u2019appel)<\/b><b>\r\n<\/b><\/summary>\n<p class=\"has-dark-gray-color has-text-color has-link-color has-small-font-size wp-elements-807964fbd15ded31a3d57584f91eb778\" style=\"font-style:normal;font-weight:400\"><span style=\"font-weight: 400;\"><strong>Faux.<\/strong> Les causes de la migration sont structurelles : guerre, pers\u00e9cutions, pauvret\u00e9, changement climatique\u2026 Les gens migrent avec ou sans ONG. Nous ne provoquons pas la migration : nous prot\u00e9geons des vies humaines abandonn\u00e9es en mer.<\/span><span style=\"font-weight: 400;\">&#13;\n<\/span><\/p>\n<\/details>\n\n\n\n<details class=\"wp-block-details has-contrast-color has-text-color has-link-color wp-elements-632eeb3463fa2713a8be0ca80892b38f is-layout-flow wp-block-details-is-layout-flow\" style=\"font-style:normal;font-weight:700\"><summary><span style=\"font-weight: 400;\">\u00a0<\/span><b>Les ONG collaborent-elles avec les mafias ?<\/b><\/summary>\n<p class=\"has-dark-gray-color has-text-color has-link-color has-small-font-size wp-elements-6c2f9d73c4de17910bf76f8fe54a6102\" style=\"font-style:normal;font-weight:400\"><span style=\"font-weight: 400;\"><strong>\u00a0Faux.<\/strong> Nous n\u2019avons aucun lien avec les r\u00e9seaux de trafic. Nos navires agissent conform\u00e9ment au droit maritime international, en coordination avec les autorit\u00e9s et en suivant des protocoles stricts humanitaires et juridiques.<\/span><\/p>\n<\/details>\n\n\n\n<details class=\"wp-block-details has-contrast-color has-text-color has-link-color wp-elements-1774a9bf15b8f0201a3b34ee40f75da1 is-layout-flow wp-block-details-is-layout-flow\" style=\"font-style:normal;font-weight:700\"><summary><span style=\"font-weight: 400;\">\u00a0<\/span><b>Pourquoi les personnes migrantes ne restent-elles pas dans leur pays ?<\/b><\/summary>\n<p class=\"has-dark-gray-color has-text-color has-link-color has-small-font-size wp-elements-158a31d2b19247938fe184cbdeaf28e6\" style=\"font-style:normal;font-weight:400\"> Parce qu\u2019elles n\u2019en ont souvent pas le choix. Elles fuient des conflits arm\u00e9s, des dictatures, des pers\u00e9cutions, des violences sexuelles ou une pauvret\u00e9 extr\u00eame. Personne ne risquerait sa vie en mer s\u2019il existait des voies s\u00fbres et r\u00e9guli\u00e8res pour migrer.<\/p>\n<\/details>\n<\/div>\n\n\n\n<div class=\"wp-block-group has-global-padding is-layout-constrained wp-block-group-is-layout-constrained\">\n<details class=\"wp-block-details has-contrast-color has-text-color has-link-color wp-elements-648873cece35468ecb64d91a6b962260 is-layout-flow wp-block-details-is-layout-flow\" style=\"font-style:normal;font-weight:700\"><summary><span style=\"font-weight: 400;\">\u00a0<\/span><b>Les personnes migrantes re\u00e7oivent-elles plus d\u2019aides que les citoyens locaux ?<\/b><\/summary>\n<p class=\"has-dark-gray-color has-text-color has-link-color has-small-font-size wp-elements-97d11134444b8d60af664b7243e9e064\" style=\"font-style:normal;font-weight:400\"><span style=\"font-weight: 400;\"><strong>\u00a0Faux.<\/strong> Il n\u2019existe aucun privil\u00e8ge fond\u00e9 sur la nationalit\u00e9. Les aides publiques sont attribu\u00e9es selon des crit\u00e8res sociaux, pas selon l\u2019origine. De plus, de nombreuses personnes migrantes n\u2019ont m\u00eame pas acc\u00e8s aux aides \u00e0 cause de leur statut administratif irr\u00e9gulier.<\/span><\/p>\n<\/details>\n\n\n\n<details class=\"wp-block-details has-contrast-color has-text-color has-link-color wp-elements-0ee6abedc81e361550b34ecabb482bb0 is-layout-flow wp-block-details-is-layout-flow\" style=\"font-style:normal;font-weight:700\"><summary><span style=\"font-weight: 400;\">\u00a0<\/span><b>Open Arms fait-elle payer les sauvetages ?<\/b><\/summary>\n<p class=\"has-dark-gray-color has-text-color has-link-color has-small-font-size wp-elements-e50d6fdba59224909d08d62eaf902849\" style=\"font-style:normal;font-weight:400\"><span style=\"font-weight: 400;\"><strong>\u00a0Faux.<\/strong> Aucune personne secourue ne paie quoi que ce soit. Nos fonds proviennent en majorit\u00e9 de dons priv\u00e9s. Notre seule motivation est la d\u00e9fense de la vie et des droits humains.<\/span><\/p>\n<\/details>\n\n\n\n<details class=\"wp-block-details has-contrast-color has-text-color has-link-color wp-elements-f28aed8f023708f4cefffb0f87c1b6a0 is-layout-flow wp-block-details-is-layout-flow\" style=\"font-style:normal;font-weight:700\"><summary><span style=\"font-weight: 400;\">\u00a0<\/span><b>Ne vaudrait-il pas mieux que les \u00c9tats europ\u00e9ens assurent les sauvetages au lieu des ONG ?<\/b><\/summary>\n<p class=\"has-dark-gray-color has-text-color has-link-color has-small-font-size wp-elements-fcb78c58fb6d9267fa980abd5ac2b54a\" style=\"font-style:normal;font-weight:400\"> En th\u00e9orie, oui. Mais de nombreux \u00c9tats ont r\u00e9duit leurs op\u00e9rations de sauvetage ou abandonn\u00e9 leur responsabilit\u00e9. C\u2019est pourquoi nous existons : pour combler ce vide et faire respecter la loi de la mer, qui impose de porter secours.<\/p>\n<\/details>\n<\/div>\n\n\n\n<div class=\"wp-block-group has-global-padding is-layout-constrained wp-block-group-is-layout-constrained\">\n<details class=\"wp-block-details has-contrast-color has-text-color has-link-color wp-elements-138f54e41719b647bd4e09358dadd838 is-layout-flow wp-block-details-is-layout-flow\" style=\"font-style:normal;font-weight:700\"><summary><span style=\"font-weight: 400;\">\u00a0<\/span><b>Les personnes secourues devraient-elles \u00eatre renvoy\u00e9es en Libye ?<\/b><\/summary>\n<p class=\"has-dark-gray-color has-text-color has-link-color has-small-font-size wp-elements-624f6ce1c918c53c57f9b64913b4ea23\" style=\"font-style:normal;font-weight:400\"><span style=\"font-weight: 400;\"><strong>\u00a0Faux.<\/strong> La Libye n\u2019est pas un pays s\u00fbr. De nombreuses organisations internationales ont document\u00e9 des actes de torture, d\u2019esclavage et des violations syst\u00e9matiques dans les centres de d\u00e9tention libyens. Renvoyer quelqu\u2019un en Libye constitue une violation du droit international. Tout navire a l\u2019obligation de d\u00e9barquer les personnes secourues dans le port s\u00fbr le plus proche.<\/span><\/p>\n<\/details>\n\n\n\n<details class=\"wp-block-details has-contrast-color has-text-color has-link-color wp-elements-b51ea1f2da26a72202a6df4a844ab524 is-layout-flow wp-block-details-is-layout-flow\" style=\"font-style:normal;font-weight:700\"><summary><span style=\"font-weight: 400;\">\u00a0<\/span><b>Utilisons-nous des cam\u00e9ras pour faire notre promotion ?<\/b><\/summary>\n<p class=\"has-dark-gray-color has-text-color has-link-color has-small-font-size wp-elements-95b8425a6558f25aa7735dbbec473903\" style=\"font-style:normal;font-weight:400\"><span style=\"font-weight: 400;\">\u00a0Nous emmenons des cam\u00e9ras (et des journalistes ind\u00e9pendants) pour documenter ce qui se passe. La transparence est essentielle. Si nous ne montrons pas la r\u00e9alit\u00e9, de nombreux abus resteraient dans l\u2019ombre. Montrer la v\u00e9rit\u00e9, c\u2019est la prot\u00e9ger.<\/span><\/p>\n<\/details>\n\n\n\n<details class=\"wp-block-details has-contrast-color has-text-color has-link-color wp-elements-4888432a597220ee0d8211e364967573 is-layout-flow wp-block-details-is-layout-flow\" style=\"font-style:normal;font-weight:700\"><summary><span style=\"font-weight: 400;\">\u00a0<\/span><b>Ne sauvons-nous que des jeunes hommes ?<\/b><\/summary>\n<p class=\"has-dark-gray-color has-text-color has-link-color has-small-font-size wp-elements-91ae76f28901457394a25d23413cb643\" style=\"font-style:normal;font-weight:400\"><span style=\"font-weight: 400;\"><strong>\u00a0Faux<\/strong>. Selon l\u2019article 98 de la Convention de l\u2019OMI, le capitaine d\u2019un navire doit secourir toute personne en danger de disparition en mer. Nous ne faisons aucune discrimination li\u00e9e au sexe, \u00e0 la race, \u00e0 la religion, \u00e0 l\u2019\u00e2ge, au handicap ou \u00e0 l\u2019orientation sexuelle. Nous sauvons femmes, hommes, b\u00e9b\u00e9s, enfants, jeunes, sans aucune distinction.<\/span><\/p>\n<\/details>\n<\/div>\n\n\n\n<script type=\"application\/ld+json\">\n{\n  \"@context\": \"https:\/\/schema.org\",\n  \"@type\": \"FAQPage\",\n  \"mainEntity\": [\n    {\n      \"@type\": \"Question\",\n      \"name\": \"\u00bfQu\u00e9 es Open Arms?\",\n      \"acceptedAnswer\": {\n        \"@type\": \"Answer\",\n        \"text\": \"Somos una organizaci\u00f3n humanitaria que protege la vida de las personas vulnerables en el mar y en tierra. Operamos principalmente en el Mediterr\u00e1neo Central y en contextos de emergencia humanitaria.\"\n      }\n    },\n    {\n      \"@type\": \"Question\",\n      \"name\": \"\u00bfCu\u00e1l es nuestra misi\u00f3n?\",\n      \"acceptedAnswer\": {\n        \"@type\": \"Answer\",\n        \"text\": \"Defender los derechos humanos y salvar vidas en el mar, garantizando que nadie muera a las puertas de Europa por falta de auxilio.\"\n      }\n    },\n    {\n      \"@type\": \"Question\",\n      \"name\": \"\u00bfD\u00f3nde trabajamos?\",\n      \"acceptedAnswer\": {\n        \"@type\": \"Answer\",\n        \"text\": \"Nuestras operaciones se centran en el Mediterr\u00e1neo Central, pero tambi\u00e9n desarrollamos proyectos en tierra en pa\u00edses como Espa\u00f1a, Senegal e Italia.\"\n      }\n    },\n    {\n      \"@type\": \"Question\",\n      \"name\": \"\u00bfSomos una organizaci\u00f3n pol\u00edtica o religiosa?\",\n      \"acceptedAnswer\": {\n        \"@type\": \"Answer\",\n        \"text\": \"No. Somos una organizaci\u00f3n independiente, sin \u00e1nimo de lucro y sin vinculaci\u00f3n pol\u00edtica ni religiosa. Solo nos mueve la defensa de la vida y los derechos humanos.\"\n      }\n    },\n    {\n      \"@type\": \"Question\",\n      \"name\": \"\u00bfCu\u00e1l es nuestra misi\u00f3n?\",\n      \"acceptedAnswer\": {\n        \"@type\": \"Answer\",\n        \"text\": \"Defender los derechos humanos y salvar vidas en el mar, garantizando que nadie muera a las puertas de Europa por falta de auxilio.\"\n      }\n    },\n    {\n      \"@type\": \"Question\",\n      \"name\": \"\u00bfPor qu\u00e9 rescatamos personas en el mar?\",\n      \"acceptedAnswer\": {\n        \"@type\": \"Answer\",\n        \"text\": \"Porque es una obligaci\u00f3n legal y moral. La vida debe ser siempre la prioridad. Rescatar en el mar no solo es legal, es una obligaci\u00f3n.\"\n      }\n    },\n    {\n      \"@type\": \"Question\",\n      \"name\": \"\u00bfQu\u00e9 pasa despu\u00e9s del rescate?\",\n      \"acceptedAnswer\": {\n        \"@type\": \"Answer\",\n        \"text\": \"Una vez en el barco, las personas reciben asistencia m\u00e9dica y humanitaria. Posteriormente, pedimos a las autoridades responsables de la zona un puerto seguro donde puedan desembarcar.\"\n      }\n    },\n    {\n      \"@type\": \"Question\",\n      \"name\": \"\u00bfTrabajamos con otros barcos o instituciones?\",\n      \"acceptedAnswer\": {\n        \"@type\": \"Answer\",\n        \"text\": \"S\u00ed. Colaboramos con otras organizaciones civiles, as\u00ed como con autoridades mar\u00edtimas cuando es posible, siempre respetando el derecho internacional y los convenios internacionales.\"\n      }\n    },\n    {\n      \"@type\": \"Question\",\n      \"name\": \"\u00bfSomos un efecto llamada?\",\n      \"acceptedAnswer\": {\n        \"@type\": \"Answer\",\n        \"text\": \"No. Las personas huyen de guerras, persecuciones, pobreza o violencia. Nosotros no causamos las migraciones: tratamos de evitar que nadie muera en el mar abandonado, en cumplimiento con los convenios internacionales de salvamento y el Derecho Mar\u00edtimo internacional.\"\n      }\n    },\n    {\n      \"@type\": \"Question\",\n      \"name\": \"\u00bfTraemos a las personas rescatadas a Europa?\",\n      \"acceptedAnswer\": {\n        \"@type\": \"Answer\",\n        \"text\": \"Por ley, a todos los buques que prestan auxilio a personas en peligro en el mar se les debe asignar el puerto seguro m\u00e1s cercano para que ese desembarco tenga lugar tan pronto como sea razonablemente posible. (P\u00e1rrafo 1.3.9. del Convenio Internacional sobre b\u00fasqueda y salvamento mar\u00edtimo, 1979)\"\n      }\n    },\n    {\n      \"@type\": \"Question\",\n      \"name\": \"\u00bfC\u00f3mo puedo hacer una donaci\u00f3n?\",\n      \"acceptedAnswer\": {\n        \"@type\": \"Answer\",\n        \"text\": \"Puedes donar f\u00e1cilmente desde nuestra web: openarms.es\/dona. Puedes elegir entre donaci\u00f3n puntual o mensual o ponerte en contacto con atenciondonante@openarms.es\"\n      }\n    },\n    {\n      \"@type\": \"Question\",\n      \"name\": \"\u00bfMi donaci\u00f3n desgrava?\",\n      \"acceptedAnswer\": {\n        \"@type\": \"Answer\",\n        \"text\": \"S\u00ed. Todas las donaciones pueden desgravarse fiscalmente. Te enviaremos un certificado si lo solicitas.\"\n      }\n    },\n    {\n      \"@type\": \"Question\",\n      \"name\": \"\u00bfD\u00f3nde va mi dinero?\",\n      \"acceptedAnswer\": {\n        \"@type\": \"Answer\",\n        \"text\": \"El 90% de nuestros recursos se destinan directamente a nuestras misiones y proyectos humanitarios. Puedes consultar nuestras memorias econ\u00f3micas aqu\u00ed.\"\n      }\n    },\n    {\n      \"@type\": \"Question\",\n      \"name\": \"\u00bfPuedo modificar o cancelar mi cuota mensual?\",\n      \"acceptedAnswer\": {\n        \"@type\": \"Answer\",\n        \"text\": \"S\u00ed, en cualquier momento. Solo tienes que escribirnos a atenciondonante@openarms.es o llamando al 93 128 28 30 y lo gestionamos contigo.\"\n      }\n    },\n    {\n      \"@type\": \"Question\",\n      \"name\": \"\u00bfC\u00f3mo puedo ser voluntario\/a?\",\n      \"acceptedAnswer\": {\n        \"@type\": \"Answer\",\n        \"text\": \"Puedes apuntarte en el formulario de nuestra web. Buscamos tanto voluntariado en tierra como perfiles profesionales para misiones en el mar.\"\n      }\n    },\n    {\n      \"@type\": \"Question\",\n      \"name\": \"\u00bfQu\u00e9 perfiles buscamos para las misiones mar\u00edtimas?\",\n      \"acceptedAnswer\": {\n        \"@type\": \"Answer\",\n        \"text\": \"M\u00e9dicas\/os, enfermeros\/as, socorristas de aguas abiertas, marineros\/as, cocineros\/as habituados a la navegaci\u00f3n, etc.\"\n      }\n    },\n    {\n      \"@type\": \"Question\",\n      \"name\": \"\u00bfPuedes ayudar sin embarcarte?\",\n      \"acceptedAnswer\": {\n        \"@type\": \"Answer\",\n        \"text\": \"S\u00ed. Puedes colaborar en eventos, log\u00edstica, apoyo digital, almac\u00e9n, puesta a punto de nuestras embarcaciones y mucho m\u00e1s.\"\n      }\n    },\n    {\n      \"@type\": \"Question\",\n      \"name\": \"\u00bfPublicamos ofertas de empleo?\",\n      \"acceptedAnswer\": {\n        \"@type\": \"Answer\",\n        \"text\": \"S\u00ed. Las vacantes se publican en nuestras redes y canales oficiales. Puedes seguirnos para estar al tanto.\"\n      }\n    },\n    {\n      \"@type\": \"Question\",\n      \"name\": \"\u00bfEs legal lo que hacemos?\",\n      \"acceptedAnswer\": {\n        \"@type\": \"Answer\",\n        \"text\": \"S\u00ed. El rescate en el mar es un deber recogido en el derecho internacional, incluido el Convenio SOLAS y el Convenio SAR.\"\n      }\n    },\n    {\n      \"@type\": \"Question\",\n      \"name\": \"\u00bfPublicamos nuestra informaci\u00f3n econ\u00f3mica?\",\n      \"acceptedAnswer\": {\n        \"@type\": \"Answer\",\n        \"text\": \"S\u00ed. Cada a\u00f1o publicamos nuestra memoria econ\u00f3mica y de actividades. Puedes consultarlas en el portal de transparencia.\"\n      }\n    },\n    {\n      \"@type\": \"Question\",\n      \"name\": \"\u00bfDe d\u00f3nde vienen nuestros recursos econ\u00f3micos?\",\n      \"acceptedAnswer\": {\n        \"@type\": \"Answer\",\n        \"text\": \"La mayor parte de nuestros recursos proviene de personas como t\u00fa. La independencia econ\u00f3mica garantiza nuestra libertad de acci\u00f3n.\"\n      }\n    },\n    {\n      \"@type\": \"Question\",\n      \"name\": \"\u00bfTenemos materiales educativos?\",\n      \"acceptedAnswer\": {\n        \"@type\": \"Answer\",\n        \"text\": \"S\u00ed. Creamos recursos para escuelas, charlas, exposiciones y campa\u00f1as que explican la realidad migratoria con rigor y sensibilidad.\"\n      }\n    },\n    {\n      \"@type\": \"Question\",\n      \"name\": \"\u00bfPodemos ir a dar una charla a vuestro centro?\",\n      \"acceptedAnswer\": {\n        \"@type\": \"Answer\",\n        \"text\": \"S\u00ed. Tenemos un proyecto educativo, EPL, que tiene charlas adaptadas desde los tres a\u00f1os hasta la etapa adulta. Escr\u00edbenos a education@openarms.es y valoraremos la propuesta seg\u00fan disponibilidad y zona.\"\n      }\n    },\n    {\n      \"@type\": \"Question\",\n      \"name\": \"\u00bfQu\u00e9 es el Proyecto Origen?\",\n      \"acceptedAnswer\": {\n        \"@type\": \"Answer\",\n        \"text\": \"Es una iniciativa de Open Arms en \u00c1frica Occidental, en Senegal junto a entidades locales, que trabaja en las causas profundas de la migraci\u00f3n, ofreciendo oportunidades y alternativas de desarrollo econ\u00f3mico y personal reales en el pa\u00eds y evitar que haya m\u00e1s sufrimiento y muertes en el mar.\"\n      }\n    },\n    {\n      \"@type\": \"Question\",\n      \"name\": \"\u00bfQu\u00e9 hacemos exactamente en el Proyecto Origen?\",\n      \"acceptedAnswer\": {\n        \"@type\": \"Answer\",\n        \"text\": \"Ofrecemos formaci\u00f3n profesional, acompa\u00f1amiento y campa\u00f1as de sensibilizaci\u00f3n comunitaria. Todo en colaboraci\u00f3n con entidades locales y desde una perspectiva de justicia social y sostenibilidad.\"\n      }\n    },\n    {\n      \"@type\": \"Question\",\n      \"name\": \"\u00bfEl Proyecto Origen busca impedir la migraci\u00f3n?\",\n      \"acceptedAnswer\": {\n        \"@type\": \"Answer\",\n        \"text\": \"Falso. Nuestro objetivo no es impedir la migraci\u00f3n, sino garantizar que sea una decisi\u00f3n libre e informada, no una obligaci\u00f3n desesperada. No queremos que nadie tenga que viajar por rutas peligrosas para sobrevivir, poniendo en peligro su vida y su integridad , sino que pueda hacerlo si lo desea y con toda la informaci\u00f3n.\"\n      }\n    },\n    {\n      \"@type\": \"Question\",\n      \"name\": \"\u00bfC\u00f3mo puedo contactaros?\",\n      \"acceptedAnswer\": {\n        \"@type\": \"Answer\",\n        \"text\": \"Puedes escribirnos a info@openarms.es o a trav\u00e9s del formulario en la web. Tambi\u00e9n puedes seguirnos en redes sociales.\"\n      }\n    },\n    {\n      \"@type\": \"Question\",\n      \"name\": \"\u00bfD\u00f3nde est\u00e1 nuestra sede?\",\n      \"acceptedAnswer\": {\n        \"@type\": \"Answer\",\n        \"text\": \"Nuestra sede central est\u00e1 en Badalona (Barcelona), pero tenemos sede en Roma (Italia) y base en Dakar, (Senegal).\"\n      }\n    },\n    {\n      \"@type\": \"Question\",\n      \"name\": \"\u00bfTen\u00e9is redes sociales?\",\n      \"acceptedAnswer\": {\n        \"@type\": \"Answer\",\n        \"text\": \"S\u00ed, estamos en Instagram, Twitter, Facebook, TikTok, LinkedIn y YouTube. B\u00fascanos como @openarms_fund.\"\n      }\n    },\n    {\n      \"@type\": \"Question\",\n      \"name\": \"\u00bfEs verdad que las ONG atraen a las personas migrantes? (efecto llamada)\",\n      \"acceptedAnswer\": {\n        \"@type\": \"Answer\",\n        \"text\": \"Falso. Las causas de la migraci\u00f3n son estructurales: guerras, persecuciones, pobreza, cambio clim\u00e1tico\u2026 Las personas migran con o sin presencia de ONG. Nosotros no creamos la migraci\u00f3n: protegemos la vida de las personas abandonadas en el mar.\"\n      }\n    },\n    {\n      \"@type\": \"Question\",\n      \"name\": \"\u00bfLas ONG colaboran con las mafias?\",\n      \"acceptedAnswer\": {\n        \"@type\": \"Answer\",\n        \"text\": \"Falso. No tenemos ning\u00fan tipo de v\u00ednculo con redes de tr\u00e1fico. Nuestros barcos act\u00faan bajo el derecho mar\u00edtimo internacional, en coordinaci\u00f3n con autoridades y siguiendo estrictos protocolos humanitarios y legales.\"\n      }\n    },\n    {\n      \"@type\": \"Question\",\n      \"name\": \"\u00bfPor qu\u00e9 las personas migrantes no se quedan en su pa\u00eds?\",\n      \"acceptedAnswer\": {\n        \"@type\": \"Answer\",\n        \"text\": \"Porque muchas veces no tienen esa opci\u00f3n. Huyen de conflictos b\u00e9licos, dictaduras, persecuciones, violencia sexual o extrema pobreza. Nadie se lanzar\u00eda al mar si hubiera v\u00edas regulares y seguras por las que moverse.\"\n      }\n    },\n    {\n      \"@type\": \"Question\",\n      \"name\": \"Las personas migrantes reciben m\u00e1s ayudas que los ciudadanos locales?\",\n      \"acceptedAnswer\": {\n        \"@type\": \"Answer\",\n        \"text\": \"Falso. No existen privilegios por nacionalidad. Las ayudas p\u00fablicas se conceden seg\u00fan criterios sociales, no de origen. Adem\u00e1s, muchas personas migrantes ni siquiera tienen acceso a ayudas por su situaci\u00f3n administrativa irregular.\"\n      }\n    },\n    {\n      \"@type\": \"Question\",\n      \"name\": \"\u00bfOpen Arms cobra por rescatar?\",\n      \"acceptedAnswer\": {\n        \"@type\": \"Answer\",\n        \"text\": \"Falso. Ninguna persona rescatada paga nada. Nuestros fondos provienen mayoritariamente de donantes privados. Nuestra \u00fanica motivaci\u00f3n es la defensa de la vida y los derechos humanos.\"\n      }\n    },\n    {\n      \"@type\": \"Question\",\n      \"name\": \"\u00bfNo es mejor que rescaten los pa\u00edses europeos y no las ONG?\",\n      \"acceptedAnswer\": {\n        \"@type\": \"Answer\",\n        \"text\": \"En teor\u00eda s\u00ed. Pero muchos Estados han reducido sus operaciones de rescate o han abandonado su responsabilidad. Por eso existimos: para llenar ese vac\u00edo y cumplir la ley del mar, que obliga a socorrer siempre.\"\n      }\n    },\n    {\n      \"@type\": \"Question\",\n      \"name\": \"\u00bfLas personas rescatadas deber\u00edan ser devueltas a Libia?\",\n      \"acceptedAnswer\": {\n        \"@type\": \"Answer\",\n        \"text\": \"Falso. Libia no es un pa\u00eds seguro. Numerosos organismos internacionales han documentado torturas, esclavitud y violaciones sistem\u00e1ticas en los centros de detenci\u00f3n libios. Devolver a alguien all\u00ed viola el derecho internacional. La obligaci\u00f3n de cualquier barco, es desembarcar a las personas rescatadas en el puerto seguro m\u00e1s cercano.\"\n      }\n    },\n    {\n      \"@type\": \"Question\",\n      \"name\": \"\u00bfViajamos con c\u00e1maras para hacernos publicidad?\",\n      \"acceptedAnswer\": {\n        \"@type\": \"Answer\",\n        \"text\": \"Llevamos c\u00e1maras (y prensa independiente) para documentar lo que pasa. La transparencia es clave. Si no lo mostramos nosotros, muchos abusos quedar\u00edan en la oscuridad. Mostrar la verdad es una forma de protegerla.\"\n      }\n    },\n    {\n      \"@type\": \"Question\",\n      \"name\": \"\u00bfRescatamos s\u00f3lo hombres j\u00f3venes?\",\n      \"acceptedAnswer\": {\n        \"@type\": \"Answer\",\n        \"text\": \"Falso. Seg\u00fan el art\u00edculo 98 del Convenio OMI, el capit\u00e1n de un buque debe prestar auxilio a toda persona que se encuentre en peligro de desaparecer en el mar. No discriminamos por razones de sexo, raza, religi\u00f3n, edad, discapacidad y orientaci\u00f3n sexual. Rescatamos por tanto a mujeres, hombres, beb\u00e9s, ni\u00f1os\/as, j\u00f3venes sin ning\u00fan tipo de discriminaci\u00f3n.\u00a0\"\n      }\n    }\n  ]\n}\n<\/script>\n\n\n\n<div class=\"wp-block-group alignfull has-global-padding is-layout-constrained wp-block-group-is-layout-constrained\" style=\"min-height:0vh;margin-top:0;margin-bottom:0;padding-top:var(--wp--preset--spacing--70);padding-bottom:var(--wp--preset--spacing--70)\">\n<div class=\"wp-block-columns are-vertically-aligned-top is-content-justification-center is-layout-flex wp-container-core-columns-is-layout-8c19c11b wp-block-columns-is-layout-flex\">\n<div class=\"wp-block-column is-vertically-aligned-top is-layout-flow wp-block-column-is-layout-flow\" style=\"flex-basis:60%\">\n<div class=\"wp-block-group has-contrast-background-color has-background has-global-padding is-layout-constrained wp-container-core-group-is-layout-a91b9633 wp-block-group-is-layout-constrained\" style=\"border-style:none;border-width:0px;border-radius:32px;padding-top:var(--wp--preset--spacing--40);padding-right:2rem;padding-bottom:var(--wp--preset--spacing--40);padding-left:2rem\">\n<h3 class=\"wp-block-heading has-text-align-center has-base-color has-text-color has-link-color wp-elements-edaf6f5dc290468d6c7002e0fdfc39c0\" style=\"margin-right:0;margin-left:0;padding-right:0;padding-left:0;font-size:clamp(1.502rem, 1.502rem + ((1vw - 0.2rem) * 1.181), 2.5rem);line-height:1.15\">Si tu crois que chaque vie doit \u00eatre sauv\u00e9e, engage-toi. Ensemble, nous pouvons sauver bien plus.<br\/><br\/><br\/><br\/><br\/><\/h3>\n\n\n\n<div class=\"wp-block-buttons is-horizontal is-content-justification-center is-layout-flex wp-container-core-buttons-is-layout-03627597 wp-block-buttons-is-layout-flex\">\n<div class=\"wp-block-button\"><a class=\"wp-block-button__link has-contrast-color has-base-background-color has-text-color has-background has-custom-font-size wp-element-button\" href=\"https:\/\/www.openarms.es\/fr\/comment-aider\/fais-un-don\" style=\"padding-top:16px;padding-right:24px;padding-bottom:14px;padding-left:24px;font-size:clamp(14px, 0.875rem + ((1vw - 3.2px) * 0.296), 18px);font-style:normal;font-weight:700\">FAIS UN DON<\/a><\/div>\n<\/div>\n<\/div>\n<\/div>\n<\/div>\n<\/div>\n<\/div><\/div>\n","protected":false},"excerpt":{"rendered":"","protected":false},"author":1,"featured_media":3275,"parent":4366,"menu_order":0,"comment_status":"closed","ping_status":"closed","template":"page-interior","meta":{"content-type":"","footnotes":""},"class_list":["post-7025","page","type-page","status-publish","has-post-thumbnail","hentry"],"yoast_head":"<!-- This site is optimized with the Yoast SEO plugin v27.4 - https:\/\/yoast.com\/product\/yoast-seo-wordpress\/ -->\n<title>Questions fr\u00e9quentes | Open Arms<\/title>\n<meta name=\"description\" content=\"R\u00e9pondez \u00e0 vos questions sur Open Arms, nos missions, comment aider, collaborer ou faire un don. Toutes les informations dont vous avez besoin, claires et accessibles.\" \/>\n<meta name=\"robots\" content=\"index, follow, max-snippet:-1, max-image-preview:large, max-video-preview:-1\" \/>\n<link rel=\"canonical\" href=\"https:\/\/www.openarms.es\/fr\/actualite\/questions-frequentes\" \/>\n<meta property=\"og:locale\" content=\"fr_FR\" \/>\n<meta property=\"og:type\" content=\"article\" \/>\n<meta property=\"og:title\" content=\"Questions fr\u00e9quentes | Open Arms\" \/>\n<meta property=\"og:description\" content=\"R\u00e9pondez \u00e0 vos questions sur Open Arms, nos missions, comment aider, collaborer ou faire un don. Toutes les informations dont vous avez besoin, claires et accessibles.\" \/>\n<meta property=\"og:url\" content=\"https:\/\/www.openarms.es\/fr\/actualite\/questions-frequentes\" \/>\n<meta property=\"og:site_name\" content=\"Open Arms\" \/>\n<meta property=\"article:modified_time\" content=\"2025-07-31T15:16:50+00:00\" \/>\n<meta property=\"og:image\" content=\"https:\/\/www.openarms.es\/wp-content\/uploads\/2025\/03\/openarms-nino-dibujo.webp\" \/>\n\t<meta property=\"og:image:width\" content=\"2362\" \/>\n\t<meta property=\"og:image:height\" content=\"1575\" \/>\n\t<meta property=\"og:image:type\" content=\"image\/webp\" \/>\n<meta name=\"twitter:card\" content=\"summary_large_image\" \/>\n<meta name=\"twitter:label1\" content=\"Dur\u00e9e de lecture estim\u00e9e\" \/>\n\t<meta name=\"twitter:data1\" content=\"8 minutes\" \/>\n<script type=\"application\/ld+json\" class=\"yoast-schema-graph\">{\"@context\":\"https:\\\/\\\/schema.org\",\"@graph\":[{\"@type\":\"WebPage\",\"@id\":\"https:\\\/\\\/www.openarms.es\\\/fr\\\/actualite\\\/questions-frequentes\",\"url\":\"https:\\\/\\\/www.openarms.es\\\/fr\\\/actualite\\\/questions-frequentes\",\"name\":\"Questions fr\u00e9quentes | Open Arms\",\"isPartOf\":{\"@id\":\"https:\\\/\\\/www.openarms.es\\\/fr#website\"},\"primaryImageOfPage\":{\"@id\":\"https:\\\/\\\/www.openarms.es\\\/fr\\\/actualite\\\/questions-frequentes#primaryimage\"},\"image\":{\"@id\":\"https:\\\/\\\/www.openarms.es\\\/fr\\\/actualite\\\/questions-frequentes#primaryimage\"},\"thumbnailUrl\":\"https:\\\/\\\/www.openarms.es\\\/wp-content\\\/uploads\\\/2025\\\/03\\\/openarms-nino-dibujo.webp\",\"datePublished\":\"2025-07-16T14:37:36+00:00\",\"dateModified\":\"2025-07-31T15:16:50+00:00\",\"description\":\"R\u00e9pondez \u00e0 vos questions sur Open Arms, nos missions, comment aider, collaborer ou faire un don. Toutes les informations dont vous avez besoin, claires et accessibles.\",\"breadcrumb\":{\"@id\":\"https:\\\/\\\/www.openarms.es\\\/fr\\\/actualite\\\/questions-frequentes#breadcrumb\"},\"inLanguage\":\"fr-FR\",\"potentialAction\":[{\"@type\":\"ReadAction\",\"target\":[\"https:\\\/\\\/www.openarms.es\\\/fr\\\/actualite\\\/questions-frequentes\"]}]},{\"@type\":\"ImageObject\",\"inLanguage\":\"fr-FR\",\"@id\":\"https:\\\/\\\/www.openarms.es\\\/fr\\\/actualite\\\/questions-frequentes#primaryimage\",\"url\":\"https:\\\/\\\/www.openarms.es\\\/wp-content\\\/uploads\\\/2025\\\/03\\\/openarms-nino-dibujo.webp\",\"contentUrl\":\"https:\\\/\\\/www.openarms.es\\\/wp-content\\\/uploads\\\/2025\\\/03\\\/openarms-nino-dibujo.webp\",\"width\":2362,\"height\":1575,\"caption\":\"Open Arms dibujo Olmo Calvo\"},{\"@type\":\"BreadcrumbList\",\"@id\":\"https:\\\/\\\/www.openarms.es\\\/fr\\\/actualite\\\/questions-frequentes#breadcrumb\",\"itemListElement\":[{\"@type\":\"ListItem\",\"position\":1,\"name\":\"Actualit\u00e9\",\"item\":\"https:\\\/\\\/www.openarms.es\\\/fr\\\/actualite\"},{\"@type\":\"ListItem\",\"position\":2,\"name\":\"Questions fr\u00e9quentes\"}]},{\"@type\":\"WebSite\",\"@id\":\"https:\\\/\\\/www.openarms.es\\\/fr#website\",\"url\":\"https:\\\/\\\/www.openarms.es\\\/fr\",\"name\":\"Open Arms\",\"description\":\"\",\"publisher\":{\"@id\":\"https:\\\/\\\/www.openarms.es\\\/fr#organization\"},\"potentialAction\":[{\"@type\":\"SearchAction\",\"target\":{\"@type\":\"EntryPoint\",\"urlTemplate\":\"https:\\\/\\\/www.openarms.es\\\/fr?s={search_term_string}\"},\"query-input\":{\"@type\":\"PropertyValueSpecification\",\"valueRequired\":true,\"valueName\":\"search_term_string\"}}],\"inLanguage\":\"fr-FR\"},{\"@type\":\"Organization\",\"@id\":\"https:\\\/\\\/www.openarms.es\\\/fr#organization\",\"name\":\"Open Arms\",\"url\":\"https:\\\/\\\/www.openarms.es\\\/fr\",\"logo\":{\"@type\":\"ImageObject\",\"inLanguage\":\"fr-FR\",\"@id\":\"https:\\\/\\\/www.openarms.es\\\/fr#\\\/schema\\\/logo\\\/image\\\/\",\"url\":\"https:\\\/\\\/www.openarms.es\\\/wp-content\\\/uploads\\\/2025\\\/03\\\/BRAND.svg\",\"contentUrl\":\"https:\\\/\\\/www.openarms.es\\\/wp-content\\\/uploads\\\/2025\\\/03\\\/BRAND.svg\",\"caption\":\"Open Arms\"},\"image\":{\"@id\":\"https:\\\/\\\/www.openarms.es\\\/fr#\\\/schema\\\/logo\\\/image\\\/\"}}]}<\/script>\n<!-- \/ Yoast SEO plugin. -->","yoast_head_json":{"title":"Questions fr\u00e9quentes | Open Arms","description":"R\u00e9pondez \u00e0 vos questions sur Open Arms, nos missions, comment aider, collaborer ou faire un don. Toutes les informations dont vous avez besoin, claires et accessibles.","robots":{"index":"index","follow":"follow","max-snippet":"max-snippet:-1","max-image-preview":"max-image-preview:large","max-video-preview":"max-video-preview:-1"},"canonical":"https:\/\/www.openarms.es\/fr\/actualite\/questions-frequentes","og_locale":"fr_FR","og_type":"article","og_title":"Questions fr\u00e9quentes | Open Arms","og_description":"R\u00e9pondez \u00e0 vos questions sur Open Arms, nos missions, comment aider, collaborer ou faire un don. Toutes les informations dont vous avez besoin, claires et accessibles.","og_url":"https:\/\/www.openarms.es\/fr\/actualite\/questions-frequentes","og_site_name":"Open Arms","article_modified_time":"2025-07-31T15:16:50+00:00","og_image":[{"width":2362,"height":1575,"url":"https:\/\/www.openarms.es\/wp-content\/uploads\/2025\/03\/openarms-nino-dibujo.webp","type":"image\/webp"}],"twitter_card":"summary_large_image","twitter_misc":{"Dur\u00e9e de lecture estim\u00e9e":"8 minutes"},"schema":{"@context":"https:\/\/schema.org","@graph":[{"@type":"WebPage","@id":"https:\/\/www.openarms.es\/fr\/actualite\/questions-frequentes","url":"https:\/\/www.openarms.es\/fr\/actualite\/questions-frequentes","name":"Questions fr\u00e9quentes | Open Arms","isPartOf":{"@id":"https:\/\/www.openarms.es\/fr#website"},"primaryImageOfPage":{"@id":"https:\/\/www.openarms.es\/fr\/actualite\/questions-frequentes#primaryimage"},"image":{"@id":"https:\/\/www.openarms.es\/fr\/actualite\/questions-frequentes#primaryimage"},"thumbnailUrl":"https:\/\/www.openarms.es\/wp-content\/uploads\/2025\/03\/openarms-nino-dibujo.webp","datePublished":"2025-07-16T14:37:36+00:00","dateModified":"2025-07-31T15:16:50+00:00","description":"R\u00e9pondez \u00e0 vos questions sur Open Arms, nos missions, comment aider, collaborer ou faire un don. Toutes les informations dont vous avez besoin, claires et accessibles.","breadcrumb":{"@id":"https:\/\/www.openarms.es\/fr\/actualite\/questions-frequentes#breadcrumb"},"inLanguage":"fr-FR","potentialAction":[{"@type":"ReadAction","target":["https:\/\/www.openarms.es\/fr\/actualite\/questions-frequentes"]}]},{"@type":"ImageObject","inLanguage":"fr-FR","@id":"https:\/\/www.openarms.es\/fr\/actualite\/questions-frequentes#primaryimage","url":"https:\/\/www.openarms.es\/wp-content\/uploads\/2025\/03\/openarms-nino-dibujo.webp","contentUrl":"https:\/\/www.openarms.es\/wp-content\/uploads\/2025\/03\/openarms-nino-dibujo.webp","width":2362,"height":1575,"caption":"Open Arms dibujo Olmo Calvo"},{"@type":"BreadcrumbList","@id":"https:\/\/www.openarms.es\/fr\/actualite\/questions-frequentes#breadcrumb","itemListElement":[{"@type":"ListItem","position":1,"name":"Actualit\u00e9","item":"https:\/\/www.openarms.es\/fr\/actualite"},{"@type":"ListItem","position":2,"name":"Questions fr\u00e9quentes"}]},{"@type":"WebSite","@id":"https:\/\/www.openarms.es\/fr#website","url":"https:\/\/www.openarms.es\/fr","name":"Open Arms","description":"","publisher":{"@id":"https:\/\/www.openarms.es\/fr#organization"},"potentialAction":[{"@type":"SearchAction","target":{"@type":"EntryPoint","urlTemplate":"https:\/\/www.openarms.es\/fr?s={search_term_string}"},"query-input":{"@type":"PropertyValueSpecification","valueRequired":true,"valueName":"search_term_string"}}],"inLanguage":"fr-FR"},{"@type":"Organization","@id":"https:\/\/www.openarms.es\/fr#organization","name":"Open Arms","url":"https:\/\/www.openarms.es\/fr","logo":{"@type":"ImageObject","inLanguage":"fr-FR","@id":"https:\/\/www.openarms.es\/fr#\/schema\/logo\/image\/","url":"https:\/\/www.openarms.es\/wp-content\/uploads\/2025\/03\/BRAND.svg","contentUrl":"https:\/\/www.openarms.es\/wp-content\/uploads\/2025\/03\/BRAND.svg","caption":"Open Arms"},"image":{"@id":"https:\/\/www.openarms.es\/fr#\/schema\/logo\/image\/"}}]}},"_links":{"self":[{"href":"https:\/\/www.openarms.es\/fr\/wp-json\/wp\/v2\/pages\/7025","targetHints":{"allow":["GET"]}}],"collection":[{"href":"https:\/\/www.openarms.es\/fr\/wp-json\/wp\/v2\/pages"}],"about":[{"href":"https:\/\/www.openarms.es\/fr\/wp-json\/wp\/v2\/types\/page"}],"author":[{"embeddable":true,"href":"https:\/\/www.openarms.es\/fr\/wp-json\/wp\/v2\/users\/1"}],"replies":[{"embeddable":true,"href":"https:\/\/www.openarms.es\/fr\/wp-json\/wp\/v2\/comments?post=7025"}],"version-history":[{"count":10,"href":"https:\/\/www.openarms.es\/fr\/wp-json\/wp\/v2\/pages\/7025\/revisions"}],"predecessor-version":[{"id":8141,"href":"https:\/\/www.openarms.es\/fr\/wp-json\/wp\/v2\/pages\/7025\/revisions\/8141"}],"up":[{"embeddable":true,"href":"https:\/\/www.openarms.es\/fr\/wp-json\/wp\/v2\/pages\/4366"}],"wp:featuredmedia":[{"embeddable":true,"href":"https:\/\/www.openarms.es\/fr\/wp-json\/wp\/v2\/media\/3275"}],"wp:attachment":[{"href":"https:\/\/www.openarms.es\/fr\/wp-json\/wp\/v2\/media?parent=7025"}],"curies":[{"name":"wp","href":"https:\/\/api.w.org\/{rel}","templated":true}]}}