{"id":4525,"date":"2025-03-06T16:33:12","date_gmt":"2025-03-06T16:33:12","guid":{"rendered":"https:\/\/www.openarms.es\/inizio"},"modified":"2026-02-26T13:01:41","modified_gmt":"2026-02-26T13:01:41","slug":"inizio","status":"publish","type":"page","link":"https:\/\/www.openarms.es\/it","title":{"rendered":"Inizio"},"content":{"rendered":"\n<div class=\"wp-block-cover alignfull ebavs-header-hero\" style=\"min-height:100vh;aspect-ratio:unset;\"><span aria-hidden=\"true\" class=\"wp-block-cover__background has-black-background-color has-background-dim\"><\/span><img loading=\"lazy\" decoding=\"async\" width=\"2560\" height=\"1707\" src=\"https:\/\/www.openarms.es\/wp-content\/uploads\/2026\/02\/DSC09631-scaled.jpg\" class=\"wp-block-cover__image-background wp-post-image\" alt=\"\" data-object-fit=\"cover\" srcset=\"https:\/\/www.openarms.es\/wp-content\/uploads\/2026\/02\/DSC09631-scaled.jpg 2560w, https:\/\/www.openarms.es\/wp-content\/uploads\/2026\/02\/DSC09631-300x200.jpg 300w, https:\/\/www.openarms.es\/wp-content\/uploads\/2026\/02\/DSC09631-1024x683.jpg 1024w, https:\/\/www.openarms.es\/wp-content\/uploads\/2026\/02\/DSC09631-768x512.jpg 768w, https:\/\/www.openarms.es\/wp-content\/uploads\/2026\/02\/DSC09631-1536x1024.jpg 1536w, https:\/\/www.openarms.es\/wp-content\/uploads\/2026\/02\/DSC09631-2048x1365.jpg 2048w\" sizes=\"auto, (max-width: 2560px) 100vw, 2560px\" \/><div class=\"wp-block-cover__inner-container is-layout-flow wp-block-cover-is-layout-flow\">\n<div class=\"wp-block-group alignwide has-global-padding is-layout-constrained wp-container-core-group-is-layout-05ace229 wp-block-group-is-layout-constrained\" style=\"margin-top:6rem;margin-bottom:6rem;padding-right:0;padding-left:0\">\n<div class=\"wp-block-group alignwide has-global-padding is-content-justification-left is-layout-constrained wp-container-core-group-is-layout-b58f3518 wp-block-group-is-layout-constrained\">\n<h1 class=\"wp-block-heading has-text-align-left has-base-color has-text-color has-x-large-font-size\">OPEN ARMS SI UNISCE ALLA GLOBAL SUMUD FLOTILLA<\/h1>\n\n\n\n<p>Il 12 aprile salpiamo verso Gaza.<br>Dopo aver aperto un corridoio umanitario nel 2024,<br>il nostro impegno con il popolo palestinese \u00e8 pi\u00f9 forte che mai.<\/p>\n\n\n\n<div class=\"wp-block-buttons is-content-justification-left is-layout-flex wp-container-core-buttons-is-layout-fc4fd283 wp-block-buttons-is-layout-flex\">\n<div class=\"wp-block-button\"><a class=\"wp-block-button__link has-contrast-color has-base-background-color has-text-color has-background has-dinnextltpro-font-family has-custom-font-size wp-element-button\" href=\"https:\/\/help.openarms.es\/flotillagazaitalia\/\" style=\"padding-top:16px;padding-right:24px;padding-bottom:14px;padding-left:24px;font-size:clamp(0.875rem, 0.875rem + ((1vw - 0.2rem) * 0.302), 1.13rem);font-style:normal;font-weight:700;line-height:1;text-transform:uppercase\" target=\"_blank\" rel=\"noreferrer noopener\">SUPPORTA LA MISSIONE<\/a><\/div>\n<\/div>\n<\/div>\n<\/div>\n<\/div><\/div>\n\n\n\n<figure class=\"wp-block-image aligncenter size-large mouse-scroll\"><img loading=\"lazy\" decoding=\"async\" width=\"30\" height=\"50\" src=\"https:\/\/www.openarms.es\/wp-content\/uploads\/2025\/05\/scroll-hover.svg\" alt=\"mouse scroll hovering\" class=\"wp-image-2740\"\/><\/figure>\n\n\n\n<div class=\"wp-block-cover alignfull is-light has-parallax\" style=\"padding-top:var(--wp--preset--spacing--50);padding-right:0;padding-bottom:var(--wp--preset--spacing--50);padding-left:0\"><div class=\"wp-block-cover__image-background wp-image-999 has-parallax\" style=\"background-position:50% 50%;background-image:url(https:\/\/www.openarms.es\/wp-content\/themes\/openarms\/assets\/images\/openarms-texture.webp)\"><\/div><span aria-hidden=\"true\" class=\"wp-block-cover__background has-base-background-color has-background-dim-80 has-background-dim\"><\/span><div class=\"wp-block-cover__inner-container is-layout-flow wp-block-cover-is-layout-flow\">\n<div class=\"wp-block-group has-global-padding is-layout-constrained wp-block-group-is-layout-constrained\" style=\"margin-top:var(--wp--preset--spacing--64);margin-bottom:var(--wp--preset--spacing--50)\">\n<div class=\"wp-block-group alignwide has-global-padding is-layout-constrained wp-block-group-is-layout-constrained\">\n<div class=\"wp-block-columns is-layout-flex wp-container-core-columns-is-layout-28f84493 wp-block-columns-is-layout-flex\">\n<div class=\"wp-block-column is-layout-flow wp-block-column-is-layout-flow\" style=\"flex-basis:50%\">\n<h1 class=\"wp-block-heading is-style-default has-contrast-color has-text-color has-link-color has-home-large-font-size wp-elements-ceefa18bc2e4df7560f26e3fcf1fd2a8\"><strong>SIAMO SOCCORRITORI<\/strong><\/h1>\n<\/div>\n\n\n\n<div class=\"wp-block-column is-layout-flow wp-block-column-is-layout-flow\">\n<h2 class=\"wp-block-heading has-small-large-font-size\">Migliaia di persone muoiono ogni anno nel Mediterraneo cercando un futuro per s\u00e9 e per le proprie famiglie.<\/h2>\n<\/div>\n<\/div>\n<\/div>\n<\/div>\n\n\n\n<div class=\"wp-block-group has-global-padding is-layout-constrained wp-block-group-is-layout-constrained\" style=\"margin-top:var(--wp--preset--spacing--32);margin-bottom:var(--wp--preset--spacing--32)\">\n<div class=\"wp-block-columns is-layout-flex wp-container-core-columns-is-layout-28f84493 wp-block-columns-is-layout-flex\">\n<div class=\"wp-block-column desktop is-layout-flow wp-block-column-is-layout-flow\" style=\"flex-basis:27%\"><\/div>\n\n\n\n<div class=\"wp-block-column is-layout-flow wp-block-column-is-layout-flow\">\n<p style=\"line-height:1.15\">Nel 2011, l\u2019ondata di proteste chiamata \u201cPrimavera Araba\u201d raggiunse la Siria, degenerando fino a sfociare in una guerra civile aperta, nella quale comparvero gruppi jihadisti islamici e potenze straniere.<\/p>\n\n\n\n<p style=\"line-height:1.15\">Il conflitto ha provocato una delle pi\u00f9 grandi crisi di rifugiati della storia, con centinaia di migliaia di persone che hanno cercato di attraversare il mare dalle coste della Turchia fino alla Grecia in cerca di rifugio.<\/p>\n<\/div>\n\n\n\n<div class=\"wp-block-column desktop is-layout-flow wp-block-column-is-layout-flow\" style=\"flex-basis:27%\"><\/div>\n<\/div>\n<\/div>\n\n\n\n<div class=\"wp-block-group has-global-padding is-layout-constrained wp-block-group-is-layout-constrained\">\n<figure class=\"wp-block-image aligncenter size-full\" style=\"margin-top:var(--wp--preset--spacing--24);margin-bottom:var(--wp--preset--spacing--24)\"><img loading=\"lazy\" decoding=\"async\" width=\"900\" height=\"563\" src=\"https:\/\/www.openarms.es\/wp-content\/uploads\/2025\/05\/salvando-ninos-open-arms.png\" alt=\"openarms soccorso bambini\" class=\"wp-image-4235\" style=\"aspect-ratio:16\/9;object-fit:cover\" srcset=\"https:\/\/www.openarms.es\/wp-content\/uploads\/2025\/05\/salvando-ninos-open-arms.png 900w, https:\/\/www.openarms.es\/wp-content\/uploads\/2025\/05\/salvando-ninos-open-arms-300x188.png 300w, https:\/\/www.openarms.es\/wp-content\/uploads\/2025\/05\/salvando-ninos-open-arms-768x480.png 768w\" sizes=\"auto, (max-width: 900px) 100vw, 900px\" \/><\/figure>\n<\/div>\n\n\n\n<div class=\"wp-block-group has-global-padding is-layout-constrained wp-block-group-is-layout-constrained\" style=\"margin-top:var(--wp--preset--spacing--32);margin-bottom:var(--wp--preset--spacing--50)\">\n<div class=\"wp-block-columns is-layout-flex wp-container-core-columns-is-layout-28f84493 wp-block-columns-is-layout-flex\">\n<div class=\"wp-block-column desktop is-layout-flow wp-block-column-is-layout-flow\" style=\"flex-basis:27%\"><\/div>\n\n\n\n<div class=\"wp-block-column is-layout-flow wp-block-column-is-layout-flow\">\n<p style=\"line-height:1.15\">Nel settembre 2015, la fotografia del piccolo Alan Kurdi annegato su una spiaggia fece svegliare la comunit\u00e0 internazionale. E, come soccorritori, vedemmo la necessit\u00e0 di essere presenti. Partimmo d\u2019urgenza per Lesbo per soccorrere i centinaia di rifugiati siriani in fuga dalla guerra. Fu, senza saperlo, la prima missione di Open Arms.<\/p>\n\n\n\n<p style=\"line-height:1.15\">A dieci anni di distanza, ci sono ancora migliaia di morti nel Mediterraneo. \u00c8 per questo che continuiamo a esistere. Abbiamo salvato la vita a oltre 70.000 persone in fuga da guerre, disastri naturali, persecuzioni o povert\u00e0. E insieme a te, ne salveremo molte di pi\u00f9.<\/p>\n<\/div>\n\n\n\n<div class=\"wp-block-column desktop is-layout-flow wp-block-column-is-layout-flow\" style=\"flex-basis:27%\"><\/div>\n<\/div>\n<\/div>\n\n\n\n<div class=\"wp-block-cover is-light\"><img loading=\"lazy\" decoding=\"async\" width=\"1024\" height=\"683\" class=\"wp-block-cover__image-background wp-image-5906 size-large\" alt=\"\" src=\"https:\/\/www.openarms.es\/wp-content\/uploads\/2025\/06\/79-1-1024x683.jpg\" style=\"object-position:50% 29%\" data-object-fit=\"cover\" data-object-position=\"50% 29%\" srcset=\"https:\/\/www.openarms.es\/wp-content\/uploads\/2025\/06\/79-1-1024x683.jpg 1024w, https:\/\/www.openarms.es\/wp-content\/uploads\/2025\/06\/79-1-300x200.jpg 300w, https:\/\/www.openarms.es\/wp-content\/uploads\/2025\/06\/79-1-768x512.jpg 768w, https:\/\/www.openarms.es\/wp-content\/uploads\/2025\/06\/79-1-1536x1024.jpg 1536w, https:\/\/www.openarms.es\/wp-content\/uploads\/2025\/06\/79-1-2048x1365.jpg 2048w\" sizes=\"auto, (max-width: 1024px) 100vw, 1024px\" \/><span aria-hidden=\"true\" class=\"wp-block-cover__background has-background-dim-0 has-background-dim\" style=\"background-color:#85919d\"><\/span><div class=\"wp-block-cover__inner-container has-global-padding is-layout-constrained wp-block-cover-is-layout-constrained\">\n<div class=\"wp-block-columns is-layout-flex wp-container-core-columns-is-layout-28f84493 wp-block-columns-is-layout-flex\">\n<div class=\"wp-block-column is-layout-flow wp-block-column-is-layout-flow\" style=\"flex-basis:50.01%\">\n<div class=\"wp-block-group has-contrast-background-color has-background has-global-padding is-layout-constrained wp-container-core-group-is-layout-52009084 wp-block-group-is-layout-constrained\" style=\"border-radius:32px;padding-top:var(--wp--preset--spacing--40);padding-right:var(--wp--preset--spacing--40);padding-bottom:var(--wp--preset--spacing--40);padding-left:var(--wp--preset--spacing--40)\">\n<h2 class=\"wp-block-heading has-text-align-center has-base-color has-text-color has-link-color has-pfdinstencil-font-family has-home-large-font-size wp-elements-441e17c8f9a39cb50c84d8d94b0b629b\" style=\"margin-bottom:var(--wp--preset--spacing--48)\">Ti unisci?<\/h2>\n\n\n\n<div class=\"wp-block-buttons is-content-justification-center is-layout-flex wp-container-core-buttons-is-layout-a89b3969 wp-block-buttons-is-layout-flex\">\n<div class=\"wp-block-button\"><a class=\"wp-block-button__link has-contrast-color has-base-background-color has-text-color has-background has-link-color has-small-font-size has-text-align-center has-custom-font-size wp-element-button\" href=\"https:\/\/www.openarms.es\/it\/come-aiutare\/dona-ora\">DONA ORA<\/a><\/div>\n<\/div>\n<\/div>\n<\/div>\n\n\n\n<div class=\"wp-block-column is-layout-flow wp-block-column-is-layout-flow\"><\/div>\n\n\n\n<div class=\"wp-block-column is-layout-flow wp-block-column-is-layout-flow\" style=\"flex-basis:49.99%\"><\/div>\n<\/div>\n<\/div><\/div>\n\n\n\n<div class=\"wp-block-group alignfull is-layout-constrained wp-container-core-group-is-layout-10 wp-block-group-is-layout-constrained has-global-padding\" style=\"padding-top:var(--wp--preset--spacing--50);padding-bottom:var(--wp--preset--spacing--50)\">\n<div class=\"wp-block-columns alignwide is-layout-flex wp-container-core-columns-is-layout-00723822 wp-block-columns-is-layout-flex\">\n<div class=\"wp-block-column is-layout-flow wp-block-column-is-layout-flow\" style=\"flex-basis:50%\">\n<figure class=\"wp-block-image size-large not-apply-safari-fix\"><img loading=\"lazy\" decoding=\"async\" width=\"1024\" height=\"682\" src=\"https:\/\/www.openarms.es\/wp-content\/uploads\/2025\/06\/006_Santi-Palacios_2020-1024x682.jpg\" alt=\"Openarms mediterr\u00e1neo central\" class=\"wp-image-6159\" style=\"aspect-ratio:16\/9;object-fit:cover\" srcset=\"https:\/\/www.openarms.es\/wp-content\/uploads\/2025\/06\/006_Santi-Palacios_2020-1024x682.jpg 1024w, https:\/\/www.openarms.es\/wp-content\/uploads\/2025\/06\/006_Santi-Palacios_2020-300x200.jpg 300w, https:\/\/www.openarms.es\/wp-content\/uploads\/2025\/06\/006_Santi-Palacios_2020-768x512.jpg 768w, https:\/\/www.openarms.es\/wp-content\/uploads\/2025\/06\/006_Santi-Palacios_2020-1536x1024.jpg 1536w, https:\/\/www.openarms.es\/wp-content\/uploads\/2025\/06\/006_Santi-Palacios_2020.jpg 2000w\" sizes=\"auto, (max-width: 1024px) 100vw, 1024px\" \/><\/figure>\n<\/div>\n\n\n\n<div class=\"wp-block-column is-vertically-aligned-top is-page is-layout-flow wp-block-column-is-layout-flow\" style=\"flex-basis:50%\">\n<h2 class=\"wp-block-heading has-contrast-color has-text-color has-link-color has-pfdinstencil-font-family has-x-large-font-size wp-elements-e53bf1061d632692e88afc66e97cb0f0\">Mediterraneo centrale<\/h2>\n\n\n\n<p class=\"has-medium-font-size\" style=\"line-height:1.15\">Quasi 31.000 persone hanno perso la vita nel Mediterraneo centrale dal 2014 a oggi. Essere umani che cercano solo un futuro. La nostra missione \u00e8 essere l\u00ec per aiutarli.<\/p>\n\n\n\n<div class=\"wp-block-buttons is-layout-flex wp-block-buttons-is-layout-flex\">\n<div class=\"wp-block-button\"><a class=\"wp-block-button__link wp-element-button\" href=\"https:\/\/www.openarms.es\/it\/cosa-facciamo\/missioni-umanitarie\/mediterraneo\">Scopri di pi\u00f9<\/a><\/div>\n<\/div>\n<\/div>\n<\/div>\n<\/div>\n\n\n\n<div class=\"wp-block-group alignfull is-layout-constrained wp-container-core-group-is-layout-10 wp-block-group-is-layout-constrained has-global-padding\" style=\"padding-top:var(--wp--preset--spacing--50);padding-bottom:var(--wp--preset--spacing--50)\">\n<div class=\"wp-block-columns alignwide is-layout-flex wp-container-core-columns-is-layout-00723822 wp-block-columns-is-layout-flex\">\n<div class=\"wp-block-column is-vertically-aligned-top is-page order-2 is-layout-flow wp-block-column-is-layout-flow\" style=\"flex-basis:50%\">\n<h2 class=\"wp-block-heading has-contrast-color has-text-color has-link-color has-pfdinstencil-font-family has-x-large-font-size wp-elements-e7eabb701fbce097c3cc654219818a40\"><strong>GAZA<\/strong><\/h2>\n\n\n\n<p class=\"has-medium-font-size\" style=\"line-height:1.15\">Abbiamo creato un corridoio umanitario verso la Striscia di Gaza con tonnellate di cibo, in collaborazione con World Central Kitchen.<\/p>\n\n\n\n<div class=\"wp-block-buttons is-layout-flex wp-block-buttons-is-layout-flex\">\n<div class=\"wp-block-button\"><a class=\"wp-block-button__link wp-element-button\" href=\"https:\/\/www.openarms.es\/it\/cosa-facciamo\/missioni-umanitarie\/emergenze\/gaza\">Scopri di pi\u00f9<\/a><\/div>\n<\/div>\n<\/div>\n\n\n\n<div class=\"wp-block-column is-layout-flow wp-block-column-is-layout-flow\" style=\"flex-basis:50%\">\n<figure class=\"wp-block-image size-large not-apply-safari-fix\"><img loading=\"lazy\" decoding=\"async\" width=\"1024\" height=\"683\" src=\"https:\/\/www.openarms.es\/wp-content\/uploads\/2025\/06\/Gaza-March-15-7-9-1024x683.jpg\" alt=\"Open Arms salvataggio a Gaza a marzo\" class=\"wp-image-6228\" style=\"aspect-ratio:16\/9;object-fit:cover\" srcset=\"https:\/\/www.openarms.es\/wp-content\/uploads\/2025\/06\/Gaza-March-15-7-9-1024x683.jpg 1024w, https:\/\/www.openarms.es\/wp-content\/uploads\/2025\/06\/Gaza-March-15-7-9-300x200.jpg 300w, https:\/\/www.openarms.es\/wp-content\/uploads\/2025\/06\/Gaza-March-15-7-9-768x512.jpg 768w, https:\/\/www.openarms.es\/wp-content\/uploads\/2025\/06\/Gaza-March-15-7-9-1536x1024.jpg 1536w, https:\/\/www.openarms.es\/wp-content\/uploads\/2025\/06\/Gaza-March-15-7-9-2048x1366.jpg 2048w\" sizes=\"auto, (max-width: 1024px) 100vw, 1024px\" \/><\/figure>\n<\/div>\n<\/div>\n<\/div>\n\n\n\n<div class=\"wp-block-buttons is-content-justification-center is-layout-flex wp-container-core-buttons-is-layout-a6d9f191 wp-block-buttons-is-layout-flex\" style=\"margin-top:var(--wp--preset--spacing--40);margin-bottom:var(--wp--preset--spacing--40);text-transform:uppercase\">\n<div class=\"wp-block-button is-style-outline is-style-outline--1\"><a class=\"wp-block-button__link has-contrast-color has-text-color has-link-color wp-element-button\" href=\"https:\/\/www.openarms.es\/it\/cosa-facciamo\/missioni-umanitarie\" style=\"font-style:normal;font-weight:700;line-height:1.15;text-transform:uppercase\">Scopri tutte le missioni<\/a><\/div>\n<\/div>\n<\/div><\/div>\n\n\n\n<div class=\"wp-block-cover\"><img loading=\"lazy\" decoding=\"async\" width=\"1024\" height=\"576\" class=\"wp-block-cover__image-background wp-image-466 size-large\" alt=\"Textura fons Open Arms\" src=\"https:\/\/www.openarms.es\/wp-content\/uploads\/2025\/03\/background-texture-black-1024x576.jpg\" data-object-fit=\"cover\" srcset=\"https:\/\/www.openarms.es\/wp-content\/uploads\/2025\/03\/background-texture-black-1024x576.jpg 1024w, https:\/\/www.openarms.es\/wp-content\/uploads\/2025\/03\/background-texture-black-300x169.jpg 300w, https:\/\/www.openarms.es\/wp-content\/uploads\/2025\/03\/background-texture-black-768x432.jpg 768w, https:\/\/www.openarms.es\/wp-content\/uploads\/2025\/03\/background-texture-black-1536x864.jpg 1536w, https:\/\/www.openarms.es\/wp-content\/uploads\/2025\/03\/background-texture-black.jpg 1920w\" sizes=\"auto, (max-width: 1024px) 100vw, 1024px\" \/><span aria-hidden=\"true\" class=\"wp-block-cover__background has-background-dim\" style=\"background-color:#343434\"><\/span><div class=\"wp-block-cover__inner-container has-global-padding is-layout-constrained wp-block-cover-is-layout-constrained\">\n<div class=\"wp-block-group alignwide has-global-padding is-layout-constrained wp-block-group-is-layout-constrained\" style=\"padding-top:var(--wp--preset--spacing--48)\">\n<div class=\"wp-block-columns is-layout-flex wp-container-core-columns-is-layout-28f84493 wp-block-columns-is-layout-flex\">\n<div class=\"wp-block-column is-layout-flow wp-block-column-is-layout-flow\">\n<h2 class=\"wp-block-heading has-pfdinstencil-font-family has-x-large-font-size\">Quello che ci obbliga ad agire<\/h2>\n<\/div>\n\n\n\n<div class=\"wp-block-column is-layout-flow wp-block-column-is-layout-flow\">\n<p class=\"has-medium-font-size\">In Open Arms lavoriamo per proteggere vite costrette a fuggire. Ogni salvataggio \u00e8 una storia segnata da conflitti armati, violenza, povert\u00e0 estrema o persecuzioni. E quando non esistono rotte migratorie sicure, si cercano altre vie, pi\u00f9 pericolose. Ed \u00e8 proprio l\u00ec che il nostro intervento diventa urgente e necessario.<\/p>\n<\/div>\n<\/div>\n<\/div>\n\n\n\n<div class=\"wp-block-group alignwide is-layout-constrained wp-container-core-group-is-layout-10 wp-block-group-is-layout-constrained has-global-padding\" style=\"padding-top:var(--wp--preset--spacing--50);padding-bottom:var(--wp--preset--spacing--50)\">\n<div class=\"wp-block-columns alignwide are-vertically-aligned-center is-layout-flex wp-container-core-columns-is-layout-00723822 wp-block-columns-is-layout-flex\">\n<div class=\"wp-block-column is-vertically-aligned-center is-layout-flow wp-block-column-is-layout-flow\" style=\"flex-basis:50%\">\n<figure class=\"wp-block-image size-large not-apply-safari-fix\"><img loading=\"lazy\" decoding=\"async\" width=\"1024\" height=\"576\" src=\"https:\/\/www.openarms.es\/wp-content\/uploads\/2025\/07\/openarms-conflictos-1024x576.jpg\" alt=\"Conflitti Open Arms\" class=\"wp-image-6897\" style=\"aspect-ratio:16\/9;object-fit:cover\" srcset=\"https:\/\/www.openarms.es\/wp-content\/uploads\/2025\/07\/openarms-conflictos-1024x576.jpg 1024w, https:\/\/www.openarms.es\/wp-content\/uploads\/2025\/07\/openarms-conflictos-300x169.jpg 300w, https:\/\/www.openarms.es\/wp-content\/uploads\/2025\/07\/openarms-conflictos-768x432.jpg 768w, https:\/\/www.openarms.es\/wp-content\/uploads\/2025\/07\/openarms-conflictos-1536x864.jpg 1536w, https:\/\/www.openarms.es\/wp-content\/uploads\/2025\/07\/openarms-conflictos-2048x1152.jpg 2048w\" sizes=\"auto, (max-width: 1024px) 100vw, 1024px\" \/><\/figure>\n<\/div>\n\n\n\n<div class=\"wp-block-column is-vertically-aligned-center is-page is-layout-flow wp-block-column-is-layout-flow\" style=\"flex-basis:50%\">\n<h3 class=\"wp-block-heading has-base-color has-text-color has-link-color has-pfdinstencil-font-family wp-elements-8a11455305e2f7d5daf14cb01346ab05\" style=\"font-size:clamp(1.976rem, 1.976rem + ((1vw - 0.2rem) * 1.804), 3.5rem);\">CONFLITTI<\/h3>\n\n\n\n<p class=\"has-medium-font-size\" style=\"line-height:1.15\">Nel mondo ci sono pi\u00f9 conflitti di quanto pensi. Scoprili e capisci perch\u00e9 il nostro lavoro \u00e8 necessario.<br><\/p>\n\n\n\n<div class=\"wp-block-buttons is-layout-flex wp-block-buttons-is-layout-flex\">\n<div class=\"wp-block-button\"><a class=\"wp-block-button__link wp-element-button\" href=\"https:\/\/www.openarms.es\/it\/conflitti\">Scopri di pi\u00f9<\/a><\/div>\n<\/div>\n<\/div>\n<\/div>\n<\/div>\n\n\n\n<div class=\"wp-block-group alignwide is-layout-constrained wp-container-core-group-is-layout-10 wp-block-group-is-layout-constrained has-global-padding\" style=\"margin-bottom:var(--wp--preset--spacing--32);padding-top:var(--wp--preset--spacing--50);padding-bottom:var(--wp--preset--spacing--50)\">\n<div class=\"wp-block-columns alignwide is-layout-flex wp-container-core-columns-is-layout-00723822 wp-block-columns-is-layout-flex\">\n<div class=\"wp-block-column is-vertically-aligned-center is-page order-2 is-layout-flow wp-block-column-is-layout-flow\" style=\"flex-basis:50%\">\n<h3 class=\"wp-block-heading has-base-color has-text-color has-link-color has-pfdinstencil-font-family wp-elements-f565ac90bc59b58e3dc0ad243d9ea9ea\" style=\"font-size:clamp(1.976rem, 1.976rem + ((1vw - 0.2rem) * 1.804), 3.5rem);\">FLUSSI MIGRATORI<\/h3>\n\n\n\n<p class=\"has-medium-font-size\" style=\"line-height:1.15\">In assenza di rotte migratorie sicure e regolari, si aprono altre vie, pi\u00f9 pericolose. Scopri perch\u00e9 interveniamo proprio dove lo facciamo.<br><\/p>\n\n\n\n<div class=\"wp-block-buttons is-layout-flex wp-block-buttons-is-layout-flex\">\n<div class=\"wp-block-button\"><a class=\"wp-block-button__link wp-element-button\" href=\"https:\/\/www.openarms.es\/it\/flussi-migratori\">Scopri di pi\u00f9<\/a><\/div>\n<\/div>\n<\/div>\n\n\n\n<div class=\"wp-block-column is-layout-flow wp-block-column-is-layout-flow\" style=\"flex-basis:50%\">\n<figure class=\"wp-block-image size-large not-apply-safari-fix\"><img loading=\"lazy\" decoding=\"async\" width=\"1024\" height=\"683\" src=\"https:\/\/www.openarms.es\/wp-content\/uploads\/2025\/07\/CR_2749-1-1024x683.jpg\" alt=\"\" class=\"wp-image-7318\" style=\"aspect-ratio:16\/9;object-fit:cover\" srcset=\"https:\/\/www.openarms.es\/wp-content\/uploads\/2025\/07\/CR_2749-1-1024x683.jpg 1024w, https:\/\/www.openarms.es\/wp-content\/uploads\/2025\/07\/CR_2749-1-300x200.jpg 300w, https:\/\/www.openarms.es\/wp-content\/uploads\/2025\/07\/CR_2749-1-768x512.jpg 768w, https:\/\/www.openarms.es\/wp-content\/uploads\/2025\/07\/CR_2749-1-1536x1024.jpg 1536w, https:\/\/www.openarms.es\/wp-content\/uploads\/2025\/07\/CR_2749-1-2048x1366.jpg 2048w\" sizes=\"auto, (max-width: 1024px) 100vw, 1024px\" \/><\/figure>\n<\/div>\n<\/div>\n<\/div>\n<\/div><\/div>\n","protected":false},"excerpt":{"rendered":"","protected":false},"author":1,"featured_media":8506,"parent":0,"menu_order":0,"comment_status":"closed","ping_status":"closed","template":"","meta":{"content-type":"","footnotes":""},"class_list":["post-4525","page","type-page","status-publish","has-post-thumbnail","hentry"],"yoast_head":"<!-- This site is optimized with the Yoast SEO plugin v27.4 - https:\/\/yoast.com\/product\/yoast-seo-wordpress\/ -->\n<title>Salviamo vite in mare e nelle emergenze | Open Arms<\/title>\n<meta name=\"description\" content=\"Open Arms difende il diritto alla vita dove ce n&#039;\u00e8 pi\u00f9 bisogno: in mare, a terra o nelle crisi umanitarie. Nessuna vita alla deriva.\" \/>\n<meta name=\"robots\" content=\"index, follow, max-snippet:-1, max-image-preview:large, max-video-preview:-1\" \/>\n<link rel=\"canonical\" href=\"https:\/\/www.openarms.es\/it\" \/>\n<meta property=\"og:locale\" content=\"it_IT\" \/>\n<meta property=\"og:type\" content=\"article\" \/>\n<meta property=\"og:title\" content=\"Salviamo vite in mare e nelle emergenze | Open Arms\" \/>\n<meta property=\"og:description\" content=\"Open Arms difende il diritto alla vita dove ce n&#039;\u00e8 pi\u00f9 bisogno: in mare, a terra o nelle crisi umanitarie. Nessuna vita alla deriva.\" \/>\n<meta property=\"og:url\" content=\"https:\/\/www.openarms.es\/it\" \/>\n<meta property=\"og:site_name\" content=\"Open Arms\" \/>\n<meta property=\"article:modified_time\" content=\"2026-02-26T13:01:41+00:00\" \/>\n<meta property=\"og:image\" content=\"https:\/\/www.openarms.es\/wp-content\/uploads\/2026\/02\/DSC09631-scaled.jpg\" \/>\n\t<meta property=\"og:image:width\" content=\"2560\" \/>\n\t<meta property=\"og:image:height\" content=\"1707\" \/>\n\t<meta property=\"og:image:type\" content=\"image\/jpeg\" \/>\n<meta name=\"twitter:card\" content=\"summary_large_image\" \/>\n<meta name=\"twitter:label1\" content=\"Tempo di lettura stimato\" \/>\n\t<meta name=\"twitter:data1\" content=\"4 minuti\" \/>\n<script type=\"application\/ld+json\" class=\"yoast-schema-graph\">{\"@context\":\"https:\\\/\\\/schema.org\",\"@graph\":[{\"@type\":\"WebPage\",\"@id\":\"https:\\\/\\\/www.openarms.es\\\/it\",\"url\":\"https:\\\/\\\/www.openarms.es\\\/it\",\"name\":\"Salviamo vite in mare e nelle emergenze | Open Arms\",\"isPartOf\":{\"@id\":\"https:\\\/\\\/www.openarms.es\\\/it#website\"},\"primaryImageOfPage\":{\"@id\":\"https:\\\/\\\/www.openarms.es\\\/it#primaryimage\"},\"image\":{\"@id\":\"https:\\\/\\\/www.openarms.es\\\/it#primaryimage\"},\"thumbnailUrl\":\"https:\\\/\\\/www.openarms.es\\\/wp-content\\\/uploads\\\/2026\\\/02\\\/DSC09631-scaled.jpg\",\"datePublished\":\"2025-03-06T16:33:12+00:00\",\"dateModified\":\"2026-02-26T13:01:41+00:00\",\"description\":\"Open Arms difende il diritto alla vita dove ce n'\u00e8 pi\u00f9 bisogno: in mare, a terra o nelle crisi umanitarie. Nessuna vita alla deriva.\",\"inLanguage\":\"it-IT\",\"potentialAction\":[{\"@type\":\"ReadAction\",\"target\":[\"https:\\\/\\\/www.openarms.es\\\/it\"]}]},{\"@type\":\"ImageObject\",\"inLanguage\":\"it-IT\",\"@id\":\"https:\\\/\\\/www.openarms.es\\\/it#primaryimage\",\"url\":\"https:\\\/\\\/www.openarms.es\\\/wp-content\\\/uploads\\\/2026\\\/02\\\/DSC09631-scaled.jpg\",\"contentUrl\":\"https:\\\/\\\/www.openarms.es\\\/wp-content\\\/uploads\\\/2026\\\/02\\\/DSC09631-scaled.jpg\",\"width\":2560,\"height\":1707},{\"@type\":\"WebSite\",\"@id\":\"https:\\\/\\\/www.openarms.es\\\/it#website\",\"url\":\"https:\\\/\\\/www.openarms.es\\\/it\",\"name\":\"Open Arms\",\"description\":\"\",\"publisher\":{\"@id\":\"https:\\\/\\\/www.openarms.es\\\/it#organization\"},\"potentialAction\":[{\"@type\":\"SearchAction\",\"target\":{\"@type\":\"EntryPoint\",\"urlTemplate\":\"https:\\\/\\\/www.openarms.es\\\/it?s={search_term_string}\"},\"query-input\":{\"@type\":\"PropertyValueSpecification\",\"valueRequired\":true,\"valueName\":\"search_term_string\"}}],\"inLanguage\":\"it-IT\"},{\"@type\":\"Organization\",\"@id\":\"https:\\\/\\\/www.openarms.es\\\/it#organization\",\"name\":\"Open Arms\",\"url\":\"https:\\\/\\\/www.openarms.es\\\/it\",\"logo\":{\"@type\":\"ImageObject\",\"inLanguage\":\"it-IT\",\"@id\":\"https:\\\/\\\/www.openarms.es\\\/it#\\\/schema\\\/logo\\\/image\\\/\",\"url\":\"https:\\\/\\\/www.openarms.es\\\/wp-content\\\/uploads\\\/2025\\\/03\\\/BRAND.svg\",\"contentUrl\":\"https:\\\/\\\/www.openarms.es\\\/wp-content\\\/uploads\\\/2025\\\/03\\\/BRAND.svg\",\"caption\":\"Open Arms\"},\"image\":{\"@id\":\"https:\\\/\\\/www.openarms.es\\\/it#\\\/schema\\\/logo\\\/image\\\/\"}}]}<\/script>\n<!-- \/ Yoast SEO plugin. -->","yoast_head_json":{"title":"Salviamo vite in mare e nelle emergenze | Open Arms","description":"Open Arms difende il diritto alla vita dove ce n'\u00e8 pi\u00f9 bisogno: in mare, a terra o nelle crisi umanitarie. Nessuna vita alla deriva.","robots":{"index":"index","follow":"follow","max-snippet":"max-snippet:-1","max-image-preview":"max-image-preview:large","max-video-preview":"max-video-preview:-1"},"canonical":"https:\/\/www.openarms.es\/it","og_locale":"it_IT","og_type":"article","og_title":"Salviamo vite in mare e nelle emergenze | Open Arms","og_description":"Open Arms difende il diritto alla vita dove ce n'\u00e8 pi\u00f9 bisogno: in mare, a terra o nelle crisi umanitarie. Nessuna vita alla deriva.","og_url":"https:\/\/www.openarms.es\/it","og_site_name":"Open Arms","article_modified_time":"2026-02-26T13:01:41+00:00","og_image":[{"width":2560,"height":1707,"url":"https:\/\/www.openarms.es\/wp-content\/uploads\/2026\/02\/DSC09631-scaled.jpg","type":"image\/jpeg"}],"twitter_card":"summary_large_image","twitter_misc":{"Tempo di lettura stimato":"4 minuti"},"schema":{"@context":"https:\/\/schema.org","@graph":[{"@type":"WebPage","@id":"https:\/\/www.openarms.es\/it","url":"https:\/\/www.openarms.es\/it","name":"Salviamo vite in mare e nelle emergenze | Open Arms","isPartOf":{"@id":"https:\/\/www.openarms.es\/it#website"},"primaryImageOfPage":{"@id":"https:\/\/www.openarms.es\/it#primaryimage"},"image":{"@id":"https:\/\/www.openarms.es\/it#primaryimage"},"thumbnailUrl":"https:\/\/www.openarms.es\/wp-content\/uploads\/2026\/02\/DSC09631-scaled.jpg","datePublished":"2025-03-06T16:33:12+00:00","dateModified":"2026-02-26T13:01:41+00:00","description":"Open Arms difende il diritto alla vita dove ce n'\u00e8 pi\u00f9 bisogno: in mare, a terra o nelle crisi umanitarie. Nessuna vita alla deriva.","inLanguage":"it-IT","potentialAction":[{"@type":"ReadAction","target":["https:\/\/www.openarms.es\/it"]}]},{"@type":"ImageObject","inLanguage":"it-IT","@id":"https:\/\/www.openarms.es\/it#primaryimage","url":"https:\/\/www.openarms.es\/wp-content\/uploads\/2026\/02\/DSC09631-scaled.jpg","contentUrl":"https:\/\/www.openarms.es\/wp-content\/uploads\/2026\/02\/DSC09631-scaled.jpg","width":2560,"height":1707},{"@type":"WebSite","@id":"https:\/\/www.openarms.es\/it#website","url":"https:\/\/www.openarms.es\/it","name":"Open Arms","description":"","publisher":{"@id":"https:\/\/www.openarms.es\/it#organization"},"potentialAction":[{"@type":"SearchAction","target":{"@type":"EntryPoint","urlTemplate":"https:\/\/www.openarms.es\/it?s={search_term_string}"},"query-input":{"@type":"PropertyValueSpecification","valueRequired":true,"valueName":"search_term_string"}}],"inLanguage":"it-IT"},{"@type":"Organization","@id":"https:\/\/www.openarms.es\/it#organization","name":"Open Arms","url":"https:\/\/www.openarms.es\/it","logo":{"@type":"ImageObject","inLanguage":"it-IT","@id":"https:\/\/www.openarms.es\/it#\/schema\/logo\/image\/","url":"https:\/\/www.openarms.es\/wp-content\/uploads\/2025\/03\/BRAND.svg","contentUrl":"https:\/\/www.openarms.es\/wp-content\/uploads\/2025\/03\/BRAND.svg","caption":"Open Arms"},"image":{"@id":"https:\/\/www.openarms.es\/it#\/schema\/logo\/image\/"}}]}},"_links":{"self":[{"href":"https:\/\/www.openarms.es\/it\/wp-json\/wp\/v2\/pages\/4525","targetHints":{"allow":["GET"]}}],"collection":[{"href":"https:\/\/www.openarms.es\/it\/wp-json\/wp\/v2\/pages"}],"about":[{"href":"https:\/\/www.openarms.es\/it\/wp-json\/wp\/v2\/types\/page"}],"author":[{"embeddable":true,"href":"https:\/\/www.openarms.es\/it\/wp-json\/wp\/v2\/users\/1"}],"replies":[{"embeddable":true,"href":"https:\/\/www.openarms.es\/it\/wp-json\/wp\/v2\/comments?post=4525"}],"version-history":[{"count":10,"href":"https:\/\/www.openarms.es\/it\/wp-json\/wp\/v2\/pages\/4525\/revisions"}],"predecessor-version":[{"id":8519,"href":"https:\/\/www.openarms.es\/it\/wp-json\/wp\/v2\/pages\/4525\/revisions\/8519"}],"wp:featuredmedia":[{"embeddable":true,"href":"https:\/\/www.openarms.es\/it\/wp-json\/wp\/v2\/media\/8506"}],"wp:attachment":[{"href":"https:\/\/www.openarms.es\/it\/wp-json\/wp\/v2\/media?parent=4525"}],"curies":[{"name":"wp","href":"https:\/\/api.w.org\/{rel}","templated":true}]}}